{"id":7697,"date":"2025-01-14T11:18:18","date_gmt":"2025-01-14T16:18:18","guid":{"rendered":"https:\/\/site.wfdfi.org\/?page_id=7697"},"modified":"2026-01-13T16:23:22","modified_gmt":"2026-01-13T21:23:22","slug":"governance-2","status":"publish","type":"page","link":"https:\/\/wfdfi.org\/es\/governance-2\/","title":{"rendered":"Gobernanza"},"content":{"rendered":"<div data-elementor-type=\"wp-page\" data-elementor-id=\"7697\" class=\"elementor elementor-7697\" data-elementor-post-type=\"page\">\n\t\t\t\t<div class=\"elementor-element elementor-element-62811f8 e-flex e-con-boxed e-con e-parent\" data-id=\"62811f8\" data-element_type=\"container\" data-settings=\"{&quot;background_background&quot;:&quot;classic&quot;}\">\n\t\t\t\t\t<div class=\"e-con-inner\">\n\t\t<div class=\"elementor-element elementor-element-225cef5 e-con-full e-flex e-con e-child\" data-id=\"225cef5\" data-element_type=\"container\">\n\t\t\t\t<div class=\"elementor-element elementor-element-5e77bb7 elementor-widget elementor-widget-heading\" data-id=\"5e77bb7\" data-element_type=\"widget\" data-widget_type=\"heading.default\">\n\t\t\t\t<div class=\"elementor-widget-container\">\n\t\t\t\t\t<h2 class=\"elementor-heading-title elementor-size-default\">Gobernanza<\/h2>\t\t\t\t<\/div>\n\t\t\t\t<\/div>\n\t\t\t\t<\/div>\n\t\t\t\t\t<\/div>\n\t\t\t\t<\/div>\n\t\t<div class=\"elementor-element elementor-element-24791c3 e-flex e-con-boxed e-con e-parent\" data-id=\"24791c3\" data-element_type=\"container\">\n\t\t\t\t\t<div class=\"e-con-inner\">\n\t\t<div class=\"elementor-element elementor-element-82cffda e-con-full e-flex e-con e-child\" data-id=\"82cffda\" data-element_type=\"container\">\n\t\t\t\t<div class=\"elementor-element elementor-element-3892e95 elementor-widget elementor-widget-heading\" data-id=\"3892e95\" data-element_type=\"widget\" data-widget_type=\"heading.default\">\n\t\t\t\t<div class=\"elementor-widget-container\">\n\t\t\t\t\t<h2 class=\"elementor-heading-title elementor-size-default\">Los \u00f3rganos de la Federaci\u00f3n son como sigue:<\/h2>\t\t\t\t<\/div>\n\t\t\t\t<\/div>\n\t\t\t\t<\/div>\n\t\t\t\t\t<\/div>\n\t\t\t\t<\/div>\n\t\t<div class=\"elementor-element elementor-element-567413f e-flex e-con-boxed e-con e-parent\" data-id=\"567413f\" data-element_type=\"container\">\n\t\t\t\t\t<div class=\"e-con-inner\">\n\t\t<div class=\"elementor-element elementor-element-44bc825 e-con-full e-flex e-con e-child\" data-id=\"44bc825\" data-element_type=\"container\">\n\t\t\t\t<div class=\"elementor-element elementor-element-552db46 elementor-position-top elementor-widget elementor-widget-image-box\" data-id=\"552db46\" data-element_type=\"widget\" data-widget_type=\"image-box.default\">\n\t\t\t\t<div class=\"elementor-widget-container\">\n\t\t\t\t\t<div class=\"elementor-image-box-wrapper\"><figure class=\"elementor-image-box-img\"><img fetchpriority=\"high\" decoding=\"async\" width=\"800\" height=\"800\" src=\"https:\/\/wfdfi.org\/wp-content\/uploads\/2025\/02\/Modelo-celeste_Mesa-de-trabajo-1.png\" class=\"attachment-full size-full wp-image-8340\" alt=\"\" srcset=\"https:\/\/wfdfi.org\/wp-content\/uploads\/2025\/02\/Modelo-celeste_Mesa-de-trabajo-1.png 800w, https:\/\/wfdfi.org\/wp-content\/uploads\/2025\/02\/Modelo-celeste_Mesa-de-trabajo-1-300x300.png 300w, https:\/\/wfdfi.org\/wp-content\/uploads\/2025\/02\/Modelo-celeste_Mesa-de-trabajo-1-150x150.png 150w, https:\/\/wfdfi.org\/wp-content\/uploads\/2025\/02\/Modelo-celeste_Mesa-de-trabajo-1-768x768.png 768w, https:\/\/wfdfi.org\/wp-content\/uploads\/2025\/02\/Modelo-celeste_Mesa-de-trabajo-1-12x12.png 12w\" sizes=\"(max-width: 800px) 100vw, 800px\" \/><\/figure><div class=\"elementor-image-box-content\"><h3 class=\"elementor-image-box-title\">La Asamblea General<\/h3><\/div><\/div>\t\t\t\t<\/div>\n\t\t\t\t<\/div>\n\t\t\t\t<\/div>\n\t\t<div class=\"elementor-element elementor-element-39266c5 e-con-full e-flex e-con e-child\" data-id=\"39266c5\" data-element_type=\"container\">\n\t\t\t\t<div class=\"elementor-element elementor-element-52cc32a elementor-position-top elementor-widget elementor-widget-image-box\" data-id=\"52cc32a\" data-element_type=\"widget\" data-widget_type=\"image-box.default\">\n\t\t\t\t<div class=\"elementor-widget-container\">\n\t\t\t\t\t<div class=\"elementor-image-box-wrapper\"><figure class=\"elementor-image-box-img\"><img decoding=\"async\" width=\"800\" height=\"800\" src=\"https:\/\/wfdfi.org\/wp-content\/uploads\/2025\/02\/Modelo-celeste-02.png\" class=\"attachment-full size-full wp-image-8341\" alt=\"\" srcset=\"https:\/\/wfdfi.org\/wp-content\/uploads\/2025\/02\/Modelo-celeste-02.png 800w, https:\/\/wfdfi.org\/wp-content\/uploads\/2025\/02\/Modelo-celeste-02-300x300.png 300w, https:\/\/wfdfi.org\/wp-content\/uploads\/2025\/02\/Modelo-celeste-02-150x150.png 150w, https:\/\/wfdfi.org\/wp-content\/uploads\/2025\/02\/Modelo-celeste-02-768x768.png 768w, https:\/\/wfdfi.org\/wp-content\/uploads\/2025\/02\/Modelo-celeste-02-12x12.png 12w\" sizes=\"(max-width: 800px) 100vw, 800px\" \/><\/figure><div class=\"elementor-image-box-content\"><h3 class=\"elementor-image-box-title\">La Junta de Gobernadores<\/h3><\/div><\/div>\t\t\t\t<\/div>\n\t\t\t\t<\/div>\n\t\t\t\t<\/div>\n\t\t<div class=\"elementor-element elementor-element-efc3452 e-con-full e-flex e-con e-child\" data-id=\"efc3452\" data-element_type=\"container\">\n\t\t\t\t<div class=\"elementor-element elementor-element-dae9e22 elementor-position-top elementor-widget elementor-widget-image-box\" data-id=\"dae9e22\" data-element_type=\"widget\" data-widget_type=\"image-box.default\">\n\t\t\t\t<div class=\"elementor-widget-container\">\n\t\t\t\t\t<div class=\"elementor-image-box-wrapper\"><figure class=\"elementor-image-box-img\"><img decoding=\"async\" width=\"800\" height=\"800\" src=\"https:\/\/wfdfi.org\/wp-content\/uploads\/2025\/02\/Modelo-celeste-03.png\" class=\"attachment-full size-full wp-image-8342\" alt=\"\" srcset=\"https:\/\/wfdfi.org\/wp-content\/uploads\/2025\/02\/Modelo-celeste-03.png 800w, https:\/\/wfdfi.org\/wp-content\/uploads\/2025\/02\/Modelo-celeste-03-300x300.png 300w, https:\/\/wfdfi.org\/wp-content\/uploads\/2025\/02\/Modelo-celeste-03-150x150.png 150w, https:\/\/wfdfi.org\/wp-content\/uploads\/2025\/02\/Modelo-celeste-03-768x768.png 768w, https:\/\/wfdfi.org\/wp-content\/uploads\/2025\/02\/Modelo-celeste-03-12x12.png 12w\" sizes=\"(max-width: 800px) 100vw, 800px\" \/><\/figure><div class=\"elementor-image-box-content\"><h3 class=\"elementor-image-box-title\">La Secretar\u00eda General<\/h3><\/div><\/div>\t\t\t\t<\/div>\n\t\t\t\t<\/div>\n\t\t\t\t<\/div>\n\t\t<div class=\"elementor-element elementor-element-6ac2057 e-con-full e-flex e-con e-child\" data-id=\"6ac2057\" data-element_type=\"container\">\n\t\t\t\t<div class=\"elementor-element elementor-element-6f78eff elementor-position-top elementor-widget elementor-widget-image-box\" data-id=\"6f78eff\" data-element_type=\"widget\" data-widget_type=\"image-box.default\">\n\t\t\t\t<div class=\"elementor-widget-container\">\n\t\t\t\t\t<div class=\"elementor-image-box-wrapper\"><figure class=\"elementor-image-box-img\"><img loading=\"lazy\" decoding=\"async\" width=\"800\" height=\"800\" src=\"https:\/\/wfdfi.org\/wp-content\/uploads\/2025\/02\/Modelo-celeste-04.png\" class=\"attachment-full size-full wp-image-8343\" alt=\"\" srcset=\"https:\/\/wfdfi.org\/wp-content\/uploads\/2025\/02\/Modelo-celeste-04.png 800w, https:\/\/wfdfi.org\/wp-content\/uploads\/2025\/02\/Modelo-celeste-04-300x300.png 300w, https:\/\/wfdfi.org\/wp-content\/uploads\/2025\/02\/Modelo-celeste-04-150x150.png 150w, https:\/\/wfdfi.org\/wp-content\/uploads\/2025\/02\/Modelo-celeste-04-768x768.png 768w, https:\/\/wfdfi.org\/wp-content\/uploads\/2025\/02\/Modelo-celeste-04-12x12.png 12w\" sizes=\"(max-width: 800px) 100vw, 800px\" \/><\/figure><div class=\"elementor-image-box-content\"><h3 class=\"elementor-image-box-title\">Los Comit\u00e9s Permanentes<\/h3><\/div><\/div>\t\t\t\t<\/div>\n\t\t\t\t<\/div>\n\t\t\t\t<\/div>\n\t\t\t\t\t<\/div>\n\t\t\t\t<\/div>\n\t\t<div class=\"elementor-element elementor-element-eb4c69d e-flex e-con-boxed e-con e-parent\" data-id=\"eb4c69d\" data-element_type=\"container\" data-settings=\"{&quot;background_background&quot;:&quot;classic&quot;}\">\n\t\t\t\t\t<div class=\"e-con-inner\">\n\t\t<div class=\"elementor-element elementor-element-e888a4e e-con-full e-flex e-con e-child\" data-id=\"e888a4e\" data-element_type=\"container\">\n\t\t\t\t<div class=\"elementor-element elementor-element-25d976d elementor-widget elementor-widget-heading\" data-id=\"25d976d\" data-element_type=\"widget\" data-widget_type=\"heading.default\">\n\t\t\t\t<div class=\"elementor-widget-container\">\n\t\t\t\t\t<h3 class=\"elementor-heading-title elementor-size-default\">Asamblea General<\/h3>\t\t\t\t<\/div>\n\t\t\t\t<\/div>\n\t\t\t\t<div class=\"elementor-element elementor-element-0d138a9 elementor-widget elementor-widget-text-editor\" data-id=\"0d138a9\" data-element_type=\"widget\" data-widget_type=\"text-editor.default\">\n\t\t\t\t<div class=\"elementor-widget-container\">\n\t\t\t\t\t\t\t\t\t<p>La Asamblea General es el \u00f3rgano supremo de la Federaci\u00f3n, y compuesta de los Presidentes y directores Ejecutivos de la Ordinaria de los Miembros Regionales. La Asamblea General tiene la autoridad necesaria para lograr los objetivos de la Federaci\u00f3n. Tiene las siguientes competencias espec\u00edficas:<\/p>\t\t\t\t\t\t\t\t<\/div>\n\t\t\t\t<\/div>\n\t\t\t\t<div class=\"elementor-element elementor-element-d6770a5 elementor-icon-list--layout-traditional elementor-list-item-link-full_width elementor-widget elementor-widget-icon-list\" data-id=\"d6770a5\" data-element_type=\"widget\" data-widget_type=\"icon-list.default\">\n\t\t\t\t<div class=\"elementor-widget-container\">\n\t\t\t\t\t\t\t<ul class=\"elementor-icon-list-items\">\n\t\t\t\t\t\t\t<li class=\"elementor-icon-list-item\">\n\t\t\t\t\t\t\t\t\t\t\t<span class=\"elementor-icon-list-icon\">\n\t\t\t\t\t\t\t<svg aria-hidden=\"true\" class=\"e-font-icon-svg e-fas-check\" viewbox=\"0 0 512 512\" xmlns=\"http:\/\/www.w3.org\/2000\/svg\"><path d=\"M173.898 439.404l-166.4-166.4c-9.997-9.997-9.997-26.206 0-36.204l36.203-36.204c9.997-9.998 26.207-9.998 36.204 0L192 312.69 432.095 72.596c9.997-9.997 26.207-9.997 36.204 0l36.203 36.204c9.997 9.997 9.997 26.206 0 36.204l-294.4 294.401c-9.998 9.997-26.207 9.997-36.204-.001z\"><\/path><\/svg>\t\t\t\t\t\t<\/span>\n\t\t\t\t\t\t\t\t\t\t<span class=\"elementor-icon-list-text\">Examinar y aprobar el informe anual de la Junta de Gobernadores<\/span>\n\t\t\t\t\t\t\t\t\t<\/li>\n\t\t\t\t\t\t\t\t<li class=\"elementor-icon-list-item\">\n\t\t\t\t\t\t\t\t\t\t\t<span class=\"elementor-icon-list-icon\">\n\t\t\t\t\t\t\t<svg aria-hidden=\"true\" class=\"e-font-icon-svg e-fas-check\" viewbox=\"0 0 512 512\" xmlns=\"http:\/\/www.w3.org\/2000\/svg\"><path d=\"M173.898 439.404l-166.4-166.4c-9.997-9.997-9.997-26.206 0-36.204l36.203-36.204c9.997-9.998 26.207-9.998 36.204 0L192 312.69 432.095 72.596c9.997-9.997 26.207-9.997 36.204 0l36.203 36.204c9.997 9.997 9.997 26.206 0 36.204l-294.4 294.401c-9.998 9.997-26.207 9.997-36.204-.001z\"><\/path><\/svg>\t\t\t\t\t\t<\/span>\n\t\t\t\t\t\t\t\t\t\t<span class=\"elementor-icon-list-text\">Para confirmar la admisi\u00f3n de miembros y decidir sobre su suspensi\u00f3n o expulsi\u00f3n<\/span>\n\t\t\t\t\t\t\t\t\t<\/li>\n\t\t\t\t\t\t\t\t<li class=\"elementor-icon-list-item\">\n\t\t\t\t\t\t\t\t\t\t\t<span class=\"elementor-icon-list-icon\">\n\t\t\t\t\t\t\t<svg aria-hidden=\"true\" class=\"e-font-icon-svg e-fas-check\" viewbox=\"0 0 512 512\" xmlns=\"http:\/\/www.w3.org\/2000\/svg\"><path d=\"M173.898 439.404l-166.4-166.4c-9.997-9.997-9.997-26.206 0-36.204l36.203-36.204c9.997-9.998 26.207-9.998 36.204 0L192 312.69 432.095 72.596c9.997-9.997 26.207-9.997 36.204 0l36.203 36.204c9.997 9.997 9.997 26.206 0 36.204l-294.4 294.401c-9.998 9.997-26.207 9.997-36.204-.001z\"><\/path><\/svg>\t\t\t\t\t\t<\/span>\n\t\t\t\t\t\t\t\t\t\t<span class=\"elementor-icon-list-text\">Para asignar los activos de la Federaci\u00f3n, en caso de disoluci\u00f3n<\/span>\n\t\t\t\t\t\t\t\t\t<\/li>\n\t\t\t\t\t\t\t\t<li class=\"elementor-icon-list-item\">\n\t\t\t\t\t\t\t\t\t\t\t<span class=\"elementor-icon-list-icon\">\n\t\t\t\t\t\t\t<svg aria-hidden=\"true\" class=\"e-font-icon-svg e-fas-check\" viewbox=\"0 0 512 512\" xmlns=\"http:\/\/www.w3.org\/2000\/svg\"><path d=\"M173.898 439.404l-166.4-166.4c-9.997-9.997-9.997-26.206 0-36.204l36.203-36.204c9.997-9.998 26.207-9.998 36.204 0L192 312.69 432.095 72.596c9.997-9.997 26.207-9.997 36.204 0l36.203 36.204c9.997 9.997 9.997 26.206 0 36.204l-294.4 294.401c-9.998 9.997-26.207 9.997-36.204-.001z\"><\/path><\/svg>\t\t\t\t\t\t<\/span>\n\t\t\t\t\t\t\t\t\t\t<span class=\"elementor-icon-list-text\">Para examinar cualquier otro asunto sometido a su consideraci\u00f3n por la Junta de Gobernadores<\/span>\n\t\t\t\t\t\t\t\t\t<\/li>\n\t\t\t\t\t\t<\/ul>\n\t\t\t\t\t\t<\/div>\n\t\t\t\t<\/div>\n\t\t\t\t<\/div>\n\t\t\t\t\t<\/div>\n\t\t\t\t<\/div>\n\t\t<div class=\"elementor-element elementor-element-ae1c97f e-flex e-con-boxed e-con e-parent\" data-id=\"ae1c97f\" data-element_type=\"container\">\n\t\t\t\t\t<div class=\"e-con-inner\">\n\t\t<div class=\"elementor-element elementor-element-ba9305c e-con-full e-flex e-con e-child\" data-id=\"ba9305c\" data-element_type=\"container\">\n\t\t\t\t<div class=\"elementor-element elementor-element-64583f2 elementor-widget elementor-widget-image\" data-id=\"64583f2\" data-element_type=\"widget\" data-widget_type=\"image.default\">\n\t\t\t\t<div class=\"elementor-widget-container\">\n\t\t\t\t\t\t\t\t\t\t\t\t\t\t\t<img loading=\"lazy\" decoding=\"async\" width=\"800\" height=\"620\" src=\"https:\/\/wfdfi.org\/wp-content\/uploads\/2025\/01\/Board-of-Governors2.jpg\" class=\"attachment-large size-large wp-image-7654\" alt=\"\" srcset=\"https:\/\/wfdfi.org\/wp-content\/uploads\/2025\/01\/Board-of-Governors2.jpg 800w, https:\/\/wfdfi.org\/wp-content\/uploads\/2025\/01\/Board-of-Governors2-300x233.jpg 300w, https:\/\/wfdfi.org\/wp-content\/uploads\/2025\/01\/Board-of-Governors2-768x595.jpg 768w, https:\/\/wfdfi.org\/wp-content\/uploads\/2025\/01\/Board-of-Governors2-15x12.jpg 15w\" sizes=\"(max-width: 800px) 100vw, 800px\" \/>\t\t\t\t\t\t\t\t\t\t\t\t\t\t\t<\/div>\n\t\t\t\t<\/div>\n\t\t\t\t<\/div>\n\t\t<div class=\"elementor-element elementor-element-037a4a2 e-con-full e-flex e-con e-child\" data-id=\"037a4a2\" data-element_type=\"container\">\n\t\t\t\t<div class=\"elementor-element elementor-element-fa08887 elementor-widget elementor-widget-heading\" data-id=\"fa08887\" data-element_type=\"widget\" data-widget_type=\"heading.default\">\n\t\t\t\t<div class=\"elementor-widget-container\">\n\t\t\t\t\t<h3 class=\"elementor-heading-title elementor-size-default\">Junta de Gobernadores<\/h3>\t\t\t\t<\/div>\n\t\t\t\t<\/div>\n\t\t\t\t<div class=\"elementor-element elementor-element-1495fa7 elementor-widget elementor-widget-text-editor\" data-id=\"1495fa7\" data-element_type=\"widget\" data-widget_type=\"text-editor.default\">\n\t\t\t\t<div class=\"elementor-widget-container\">\n\t\t\t\t\t\t\t\t\t<p>La Junta de Gobernadores (BOG) es el \u00f3rgano rector e integrado por los Secretarios Generales de cada una de las Regionales Ordinarias de los Miembros, con las siguientes funciones y atribuciones:<\/p>\t\t\t\t\t\t\t\t<\/div>\n\t\t\t\t<\/div>\n\t\t\t\t<div class=\"elementor-element elementor-element-ab4ac21 elementor-icon-list--layout-traditional elementor-list-item-link-full_width elementor-widget elementor-widget-icon-list\" data-id=\"ab4ac21\" data-element_type=\"widget\" data-widget_type=\"icon-list.default\">\n\t\t\t\t<div class=\"elementor-widget-container\">\n\t\t\t\t\t\t\t<ul class=\"elementor-icon-list-items\">\n\t\t\t\t\t\t\t<li class=\"elementor-icon-list-item\">\n\t\t\t\t\t\t\t\t\t\t\t<span class=\"elementor-icon-list-icon\">\n\t\t\t\t\t\t\t<svg aria-hidden=\"true\" class=\"e-font-icon-svg e-far-arrow-alt-circle-right\" viewbox=\"0 0 512 512\" xmlns=\"http:\/\/www.w3.org\/2000\/svg\"><path d=\"M504 256C504 119 393 8 256 8S8 119 8 256s111 248 248 248 248-111 248-248zm-448 0c0-110.5 89.5-200 200-200s200 89.5 200 200-89.5 200-200 200S56 366.5 56 256zm72 20v-40c0-6.6 5.4-12 12-12h116v-67c0-10.7 12.9-16 20.5-8.5l99 99c4.7 4.7 4.7 12.3 0 17l-99 99c-7.6 7.6-20.5 2.2-20.5-8.5v-67H140c-6.6 0-12-5.4-12-12z\"><\/path><\/svg>\t\t\t\t\t\t<\/span>\n\t\t\t\t\t\t\t\t\t\t<span class=\"elementor-icon-list-text\">Convocar a la Asamblea General Ordinaria<\/span>\n\t\t\t\t\t\t\t\t\t<\/li>\n\t\t\t\t\t\t\t\t<li class=\"elementor-icon-list-item\">\n\t\t\t\t\t\t\t\t\t\t\t<span class=\"elementor-icon-list-icon\">\n\t\t\t\t\t\t\t<svg aria-hidden=\"true\" class=\"e-font-icon-svg e-far-arrow-alt-circle-right\" viewbox=\"0 0 512 512\" xmlns=\"http:\/\/www.w3.org\/2000\/svg\"><path d=\"M504 256C504 119 393 8 256 8S8 119 8 256s111 248 248 248 248-111 248-248zm-448 0c0-110.5 89.5-200 200-200s200 89.5 200 200-89.5 200-200 200S56 366.5 56 256zm72 20v-40c0-6.6 5.4-12 12-12h116v-67c0-10.7 12.9-16 20.5-8.5l99 99c4.7 4.7 4.7 12.3 0 17l-99 99c-7.6 7.6-20.5 2.2-20.5-8.5v-67H140c-6.6 0-12-5.4-12-12z\"><\/path><\/svg>\t\t\t\t\t\t<\/span>\n\t\t\t\t\t\t\t\t\t\t<span class=\"elementor-icon-list-text\">Elegir y nombrar al Secretario General<\/span>\n\t\t\t\t\t\t\t\t\t<\/li>\n\t\t\t\t\t\t\t\t<li class=\"elementor-icon-list-item\">\n\t\t\t\t\t\t\t\t\t\t\t<span class=\"elementor-icon-list-icon\">\n\t\t\t\t\t\t\t<svg aria-hidden=\"true\" class=\"e-font-icon-svg e-far-arrow-alt-circle-right\" viewbox=\"0 0 512 512\" xmlns=\"http:\/\/www.w3.org\/2000\/svg\"><path d=\"M504 256C504 119 393 8 256 8S8 119 8 256s111 248 248 248 248-111 248-248zm-448 0c0-110.5 89.5-200 200-200s200 89.5 200 200-89.5 200-200 200S56 366.5 56 256zm72 20v-40c0-6.6 5.4-12 12-12h116v-67c0-10.7 12.9-16 20.5-8.5l99 99c4.7 4.7 4.7 12.3 0 17l-99 99c-7.6 7.6-20.5 2.2-20.5-8.5v-67H140c-6.6 0-12-5.4-12-12z\"><\/path><\/svg>\t\t\t\t\t\t<\/span>\n\t\t\t\t\t\t\t\t\t\t<span class=\"elementor-icon-list-text\">Revisar y aprobar los planes, programas y presupuestos de la Federaci\u00f3n, seg\u00fan lo propuesto por el Secretario General<\/span>\n\t\t\t\t\t\t\t\t\t<\/li>\n\t\t\t\t\t\t\t\t<li class=\"elementor-icon-list-item\">\n\t\t\t\t\t\t\t\t\t\t\t<span class=\"elementor-icon-list-icon\">\n\t\t\t\t\t\t\t<svg aria-hidden=\"true\" class=\"e-font-icon-svg e-far-arrow-alt-circle-right\" viewbox=\"0 0 512 512\" xmlns=\"http:\/\/www.w3.org\/2000\/svg\"><path d=\"M504 256C504 119 393 8 256 8S8 119 8 256s111 248 248 248 248-111 248-248zm-448 0c0-110.5 89.5-200 200-200s200 89.5 200 200-89.5 200-200 200S56 366.5 56 256zm72 20v-40c0-6.6 5.4-12 12-12h116v-67c0-10.7 12.9-16 20.5-8.5l99 99c4.7 4.7 4.7 12.3 0 17l-99 99c-7.6 7.6-20.5 2.2-20.5-8.5v-67H140c-6.6 0-12-5.4-12-12z\"><\/path><\/svg>\t\t\t\t\t\t<\/span>\n\t\t\t\t\t\t\t\t\t\t<span class=\"elementor-icon-list-text\">Para determinar los poderes y la autoridad de los oficiales de la Junta de Gobernadores y del Secretario General<\/span>\n\t\t\t\t\t\t\t\t\t<\/li>\n\t\t\t\t\t\t\t\t<li class=\"elementor-icon-list-item\">\n\t\t\t\t\t\t\t\t\t\t\t<span class=\"elementor-icon-list-icon\">\n\t\t\t\t\t\t\t<svg aria-hidden=\"true\" class=\"e-font-icon-svg e-far-arrow-alt-circle-right\" viewbox=\"0 0 512 512\" xmlns=\"http:\/\/www.w3.org\/2000\/svg\"><path d=\"M504 256C504 119 393 8 256 8S8 119 8 256s111 248 248 248 248-111 248-248zm-448 0c0-110.5 89.5-200 200-200s200 89.5 200 200-89.5 200-200 200S56 366.5 56 256zm72 20v-40c0-6.6 5.4-12 12-12h116v-67c0-10.7 12.9-16 20.5-8.5l99 99c4.7 4.7 4.7 12.3 0 17l-99 99c-7.6 7.6-20.5 2.2-20.5-8.5v-67H140c-6.6 0-12-5.4-12-12z\"><\/path><\/svg>\t\t\t\t\t\t<\/span>\n\t\t\t\t\t\t\t\t\t\t<span class=\"elementor-icon-list-text\">Para ser responsable de la supervisi\u00f3n general de la Secretar\u00eda General y de la Secretaria General<\/span>\n\t\t\t\t\t\t\t\t\t<\/li>\n\t\t\t\t\t\t\t\t<li class=\"elementor-icon-list-item\">\n\t\t\t\t\t\t\t\t\t\t\t<span class=\"elementor-icon-list-icon\">\n\t\t\t\t\t\t\t<svg aria-hidden=\"true\" class=\"e-font-icon-svg e-far-arrow-alt-circle-right\" viewbox=\"0 0 512 512\" xmlns=\"http:\/\/www.w3.org\/2000\/svg\"><path d=\"M504 256C504 119 393 8 256 8S8 119 8 256s111 248 248 248 248-111 248-248zm-448 0c0-110.5 89.5-200 200-200s200 89.5 200 200-89.5 200-200 200S56 366.5 56 256zm72 20v-40c0-6.6 5.4-12 12-12h116v-67c0-10.7 12.9-16 20.5-8.5l99 99c4.7 4.7 4.7 12.3 0 17l-99 99c-7.6 7.6-20.5 2.2-20.5-8.5v-67H140c-6.6 0-12-5.4-12-12z\"><\/path><\/svg>\t\t\t\t\t\t<\/span>\n\t\t\t\t\t\t\t\t\t\t<span class=\"elementor-icon-list-text\">Para nombrar comisiones o personas para realizar tareas espec\u00edficas con el prop\u00f3sito de fomentar el trabajo de la Federaci\u00f3n<\/span>\n\t\t\t\t\t\t\t\t\t<\/li>\n\t\t\t\t\t\t\t\t<li class=\"elementor-icon-list-item\">\n\t\t\t\t\t\t\t\t\t\t\t<span class=\"elementor-icon-list-icon\">\n\t\t\t\t\t\t\t<svg aria-hidden=\"true\" class=\"e-font-icon-svg e-far-arrow-alt-circle-right\" viewbox=\"0 0 512 512\" xmlns=\"http:\/\/www.w3.org\/2000\/svg\"><path d=\"M504 256C504 119 393 8 256 8S8 119 8 256s111 248 248 248 248-111 248-248zm-448 0c0-110.5 89.5-200 200-200s200 89.5 200 200-89.5 200-200 200S56 366.5 56 256zm72 20v-40c0-6.6 5.4-12 12-12h116v-67c0-10.7 12.9-16 20.5-8.5l99 99c4.7 4.7 4.7 12.3 0 17l-99 99c-7.6 7.6-20.5 2.2-20.5-8.5v-67H140c-6.6 0-12-5.4-12-12z\"><\/path><\/svg>\t\t\t\t\t\t<\/span>\n\t\t\t\t\t\t\t\t\t\t<span class=\"elementor-icon-list-text\">Para llevar a cabo o hacer que se lleven a cabo las instrucciones transmitidas a la Asamblea General<\/span>\n\t\t\t\t\t\t\t\t\t<\/li>\n\t\t\t\t\t\t<\/ul>\n\t\t\t\t\t\t<\/div>\n\t\t\t\t<\/div>\n\t\t\t\t<\/div>\n\t\t\t\t\t<\/div>\n\t\t\t\t<\/div>\n\t\t<div class=\"elementor-element elementor-element-beb7274 e-flex e-con-boxed e-con e-parent\" data-id=\"beb7274\" data-element_type=\"container\" data-settings=\"{&quot;background_background&quot;:&quot;classic&quot;}\">\n\t\t\t\t\t<div class=\"e-con-inner\">\n\t\t<div class=\"elementor-element elementor-element-4cb1c49 e-con-full e-flex e-con e-child\" data-id=\"4cb1c49\" data-element_type=\"container\">\n\t\t\t\t<div class=\"elementor-element elementor-element-a4e55f2 elementor-widget elementor-widget-heading\" data-id=\"a4e55f2\" data-element_type=\"widget\" data-widget_type=\"heading.default\">\n\t\t\t\t<div class=\"elementor-widget-container\">\n\t\t\t\t\t<h3 class=\"elementor-heading-title elementor-size-default\">Miembros y presidentes de la WFDFI<\/h3>\t\t\t\t<\/div>\n\t\t\t\t<\/div>\n\t\t<div class=\"elementor-element elementor-element-30a0a38 e-grid e-con-full e-con e-child\" data-id=\"30a0a38\" data-element_type=\"container\">\n\t\t\t\t<div class=\"elementor-element elementor-element-0702d1d elementor-position-top elementor-widget elementor-widget-image-box\" data-id=\"0702d1d\" data-element_type=\"widget\" data-widget_type=\"image-box.default\">\n\t\t\t\t<div class=\"elementor-widget-container\">\n\t\t\t\t\t<div class=\"elementor-image-box-wrapper\"><figure class=\"elementor-image-box-img\"><img loading=\"lazy\" decoding=\"async\" width=\"344\" height=\"342\" src=\"https:\/\/wfdfi.org\/wp-content\/uploads\/2025\/07\/Cuattromo-Femide.jpg\" class=\"attachment-full size-full wp-image-8867\" alt=\"\" srcset=\"https:\/\/wfdfi.org\/wp-content\/uploads\/2025\/07\/Cuattromo-Femide.jpg 344w, https:\/\/wfdfi.org\/wp-content\/uploads\/2025\/07\/Cuattromo-Femide-300x298.jpg 300w, https:\/\/wfdfi.org\/wp-content\/uploads\/2025\/07\/Cuattromo-Femide-150x150.jpg 150w, https:\/\/wfdfi.org\/wp-content\/uploads\/2025\/07\/Cuattromo-Femide-12x12.jpg 12w\" sizes=\"(max-width: 344px) 100vw, 344px\" \/><\/figure><div class=\"elementor-image-box-content\"><h3 class=\"elementor-image-box-title\">Juan Cuattromo<\/h3><p class=\"elementor-image-box-description\">Presidente de ALIDE &amp; Presidente de WFDFI<\/p><\/div><\/div>\t\t\t\t<\/div>\n\t\t\t\t<\/div>\n\t\t\t\t<div class=\"elementor-element elementor-element-391af09 elementor-position-top elementor-widget elementor-widget-image-box\" data-id=\"391af09\" data-element_type=\"widget\" data-widget_type=\"image-box.default\">\n\t\t\t\t<div class=\"elementor-widget-container\">\n\t\t\t\t\t<div class=\"elementor-image-box-wrapper\"><figure class=\"elementor-image-box-img\"><img loading=\"lazy\" decoding=\"async\" width=\"717\" height=\"714\" src=\"https:\/\/wfdfi.org\/wp-content\/uploads\/2025\/01\/ADFIAP-Presi.jpg\" class=\"attachment-full size-full wp-image-7660\" alt=\"\" srcset=\"https:\/\/wfdfi.org\/wp-content\/uploads\/2025\/01\/ADFIAP-Presi.jpg 717w, https:\/\/wfdfi.org\/wp-content\/uploads\/2025\/01\/ADFIAP-Presi-300x300.jpg 300w, https:\/\/wfdfi.org\/wp-content\/uploads\/2025\/01\/ADFIAP-Presi-150x150.jpg 150w, https:\/\/wfdfi.org\/wp-content\/uploads\/2025\/01\/ADFIAP-Presi-12x12.jpg 12w\" sizes=\"(max-width: 717px) 100vw, 717px\" \/><\/figure><div class=\"elementor-image-box-content\"><h3 class=\"elementor-image-box-title\">Kao Thach<\/h3><p class=\"elementor-image-box-description\">Presidente de la ADFIAP<\/p><\/div><\/div>\t\t\t\t<\/div>\n\t\t\t\t<\/div>\n\t\t\t\t<div class=\"elementor-element elementor-element-6e1a8c8 elementor-position-top elementor-widget elementor-widget-image-box\" data-id=\"6e1a8c8\" data-element_type=\"widget\" data-widget_type=\"image-box.default\">\n\t\t\t\t<div class=\"elementor-widget-container\">\n\t\t\t\t\t<div class=\"elementor-image-box-wrapper\"><figure class=\"elementor-image-box-img\"><img loading=\"lazy\" decoding=\"async\" width=\"717\" height=\"714\" src=\"https:\/\/wfdfi.org\/wp-content\/uploads\/2025\/01\/ADFIAP-NP2024-copia.jpg\" class=\"attachment-full size-full wp-image-7661\" alt=\"\" srcset=\"https:\/\/wfdfi.org\/wp-content\/uploads\/2025\/01\/ADFIAP-NP2024-copia.jpg 717w, https:\/\/wfdfi.org\/wp-content\/uploads\/2025\/01\/ADFIAP-NP2024-copia-300x300.jpg 300w, https:\/\/wfdfi.org\/wp-content\/uploads\/2025\/01\/ADFIAP-NP2024-copia-150x150.jpg 150w, https:\/\/wfdfi.org\/wp-content\/uploads\/2025\/01\/ADFIAP-NP2024-copia-12x12.jpg 12w\" sizes=\"(max-width: 717px) 100vw, 717px\" \/><\/figure><div class=\"elementor-image-box-content\"><h3 class=\"elementor-image-box-title\">Metin \u00d6zdemir<\/h3><p class=\"elementor-image-box-description\">Presidente de la ADFIMI<\/p><\/div><\/div>\t\t\t\t<\/div>\n\t\t\t\t<\/div>\n\t\t\t\t<div class=\"elementor-element elementor-element-ffad67b elementor-position-top elementor-widget elementor-widget-image-box\" data-id=\"ffad67b\" data-element_type=\"widget\" data-widget_type=\"image-box.default\">\n\t\t\t\t<div class=\"elementor-widget-container\">\n\t\t\t\t\t<div class=\"elementor-image-box-wrapper\"><figure class=\"elementor-image-box-img\"><img loading=\"lazy\" decoding=\"async\" width=\"344\" height=\"342\" src=\"https:\/\/wfdfi.org\/wp-content\/uploads\/2025\/09\/Web-Femide-1.png\" class=\"attachment-full size-full wp-image-8911\" alt=\"\" srcset=\"https:\/\/wfdfi.org\/wp-content\/uploads\/2025\/09\/Web-Femide-1.png 344w, https:\/\/wfdfi.org\/wp-content\/uploads\/2025\/09\/Web-Femide-1-300x298.png 300w, https:\/\/wfdfi.org\/wp-content\/uploads\/2025\/09\/Web-Femide-1-150x150.png 150w, https:\/\/wfdfi.org\/wp-content\/uploads\/2025\/09\/Web-Femide-1-12x12.png 12w\" sizes=\"(max-width: 344px) 100vw, 344px\" \/><\/figure><div class=\"elementor-image-box-content\"><h3 class=\"elementor-image-box-title\">Patricia Ojangole<\/h3><p class=\"elementor-image-box-description\">Chairperson AADFI<\/p><\/div><\/div>\t\t\t\t<\/div>\n\t\t\t\t<\/div>\n\t\t\t\t<div class=\"elementor-element elementor-element-f092aad elementor-position-top elementor-widget elementor-widget-image-box\" data-id=\"f092aad\" data-element_type=\"widget\" data-widget_type=\"image-box.default\">\n\t\t\t\t<div class=\"elementor-widget-container\">\n\t\t\t\t\t<div class=\"elementor-image-box-wrapper\"><figure class=\"elementor-image-box-img\"><img loading=\"lazy\" decoding=\"async\" width=\"712\" height=\"706\" src=\"https:\/\/wfdfi.org\/wp-content\/uploads\/2025\/01\/ELTI-President.jpg\" class=\"attachment-full size-full wp-image-7662\" alt=\"\" srcset=\"https:\/\/wfdfi.org\/wp-content\/uploads\/2025\/01\/ELTI-President.jpg 712w, https:\/\/wfdfi.org\/wp-content\/uploads\/2025\/01\/ELTI-President-300x297.jpg 300w, https:\/\/wfdfi.org\/wp-content\/uploads\/2025\/01\/ELTI-President-150x150.jpg 150w, https:\/\/wfdfi.org\/wp-content\/uploads\/2025\/01\/ELTI-President-12x12.jpg 12w\" sizes=\"(max-width: 712px) 100vw, 712px\" \/><\/figure><div class=\"elementor-image-box-content\"><h3 class=\"elementor-image-box-title\">Dario Scannapieco<\/h3><p class=\"elementor-image-box-description\">Presidente de ELTI<\/p><\/div><\/div>\t\t\t\t<\/div>\n\t\t\t\t<\/div>\n\t\t\t\t<\/div>\n\t\t\t\t<\/div>\n\t\t\t\t\t<\/div>\n\t\t\t\t<\/div>\n\t\t<div class=\"elementor-element elementor-element-6fb071b e-flex e-con-boxed e-con e-parent\" data-id=\"6fb071b\" data-element_type=\"container\" data-settings=\"{&quot;background_background&quot;:&quot;classic&quot;}\">\n\t\t\t\t\t<div class=\"e-con-inner\">\n\t\t<div class=\"elementor-element elementor-element-d746c45 e-con-full e-flex e-con e-child\" data-id=\"d746c45\" data-element_type=\"container\">\n\t\t\t\t<div class=\"elementor-element elementor-element-5f2fa9c elementor-widget elementor-widget-heading\" data-id=\"5f2fa9c\" data-element_type=\"widget\" data-widget_type=\"heading.default\">\n\t\t\t\t<div class=\"elementor-widget-container\">\n\t\t\t\t\t<h3 class=\"elementor-heading-title elementor-size-default\">Secretar\u00eda General de los Miembros de la WFDFI<\/h3>\t\t\t\t<\/div>\n\t\t\t\t<\/div>\n\t\t<div class=\"elementor-element elementor-element-dc2138a e-grid e-con-full e-con e-child\" data-id=\"dc2138a\" data-element_type=\"container\">\n\t\t\t\t<div class=\"elementor-element elementor-element-3306136 elementor-position-top elementor-widget elementor-widget-image-box\" data-id=\"3306136\" data-element_type=\"widget\" data-widget_type=\"image-box.default\">\n\t\t\t\t<div class=\"elementor-widget-container\">\n\t\t\t\t\t<div class=\"elementor-image-box-wrapper\"><figure class=\"elementor-image-box-img\"><img loading=\"lazy\" decoding=\"async\" width=\"302\" height=\"302\" src=\"https:\/\/wfdfi.org\/wp-content\/uploads\/2025\/01\/secretario-general-1-removebg-preview.jpg\" class=\"attachment-full size-full wp-image-7667\" alt=\"\" srcset=\"https:\/\/wfdfi.org\/wp-content\/uploads\/2025\/01\/secretario-general-1-removebg-preview.jpg 302w, https:\/\/wfdfi.org\/wp-content\/uploads\/2025\/01\/secretario-general-1-removebg-preview-300x300.jpg 300w, https:\/\/wfdfi.org\/wp-content\/uploads\/2025\/01\/secretario-general-1-removebg-preview-150x150.jpg 150w, https:\/\/wfdfi.org\/wp-content\/uploads\/2025\/01\/secretario-general-1-removebg-preview-12x12.jpg 12w\" sizes=\"(max-width: 302px) 100vw, 302px\" \/><\/figure><div class=\"elementor-image-box-content\"><h3 class=\"elementor-image-box-title\">Edgardo Alvarez<\/h3><p class=\"elementor-image-box-description\">Secretario General de ALIDE, &amp; Secretario General de WFDFI<\/p><\/div><\/div>\t\t\t\t<\/div>\n\t\t\t\t<\/div>\n\t\t\t\t<div class=\"elementor-element elementor-element-4622ff0 elementor-position-top elementor-widget elementor-widget-image-box\" data-id=\"4622ff0\" data-element_type=\"widget\" data-widget_type=\"image-box.default\">\n\t\t\t\t<div class=\"elementor-widget-container\">\n\t\t\t\t\t<div class=\"elementor-image-box-wrapper\"><figure class=\"elementor-image-box-img\"><img loading=\"lazy\" decoding=\"async\" width=\"300\" height=\"298\" src=\"https:\/\/wfdfi.org\/wp-content\/uploads\/2025\/01\/ADFIAP-Secret.jpg\" class=\"attachment-full size-full wp-image-7668\" alt=\"\" srcset=\"https:\/\/wfdfi.org\/wp-content\/uploads\/2025\/01\/ADFIAP-Secret.jpg 300w, https:\/\/wfdfi.org\/wp-content\/uploads\/2025\/01\/ADFIAP-Secret-150x150.jpg 150w, https:\/\/wfdfi.org\/wp-content\/uploads\/2025\/01\/ADFIAP-Secret-12x12.jpg 12w\" sizes=\"(max-width: 300px) 100vw, 300px\" \/><\/figure><div class=\"elementor-image-box-content\"><h3 class=\"elementor-image-box-title\">Enrique I. Florencio<\/h3><p class=\"elementor-image-box-description\">Secretario General, ADFIAP<\/p><\/div><\/div>\t\t\t\t<\/div>\n\t\t\t\t<\/div>\n\t\t\t\t<div class=\"elementor-element elementor-element-a17b37c elementor-position-top elementor-widget elementor-widget-image-box\" data-id=\"a17b37c\" data-element_type=\"widget\" data-widget_type=\"image-box.default\">\n\t\t\t\t<div class=\"elementor-widget-container\">\n\t\t\t\t\t<div class=\"elementor-image-box-wrapper\"><figure class=\"elementor-image-box-img\"><img loading=\"lazy\" decoding=\"async\" width=\"300\" height=\"300\" src=\"https:\/\/wfdfi.org\/wp-content\/uploads\/2025\/01\/IlhamiOzturk.jpg\" class=\"attachment-full size-full wp-image-7669\" alt=\"\" srcset=\"https:\/\/wfdfi.org\/wp-content\/uploads\/2025\/01\/IlhamiOzturk.jpg 300w, https:\/\/wfdfi.org\/wp-content\/uploads\/2025\/01\/IlhamiOzturk-150x150.jpg 150w, https:\/\/wfdfi.org\/wp-content\/uploads\/2025\/01\/IlhamiOzturk-12x12.jpg 12w\" sizes=\"(max-width: 300px) 100vw, 300px\" \/><\/figure><div class=\"elementor-image-box-content\"><h3 class=\"elementor-image-box-title\">Ilhami \u00d6zt\u00fcrk<\/h3><p class=\"elementor-image-box-description\">Secretario General, ADFIMI<\/p><\/div><\/div>\t\t\t\t<\/div>\n\t\t\t\t<\/div>\n\t\t\t\t<div class=\"elementor-element elementor-element-52b90a8 elementor-position-top elementor-widget elementor-widget-image-box\" data-id=\"52b90a8\" data-element_type=\"widget\" data-widget_type=\"image-box.default\">\n\t\t\t\t<div class=\"elementor-widget-container\">\n\t\t\t\t\t<div class=\"elementor-image-box-wrapper\"><figure class=\"elementor-image-box-img\"><img loading=\"lazy\" decoding=\"async\" width=\"679\" height=\"683\" src=\"https:\/\/wfdfi.org\/wp-content\/uploads\/2025\/09\/OKOYE.png\" class=\"attachment-full size-full wp-image-8913\" alt=\"\" srcset=\"https:\/\/wfdfi.org\/wp-content\/uploads\/2025\/09\/OKOYE.png 679w, https:\/\/wfdfi.org\/wp-content\/uploads\/2025\/09\/OKOYE-298x300.png 298w, https:\/\/wfdfi.org\/wp-content\/uploads\/2025\/09\/OKOYE-150x150.png 150w, https:\/\/wfdfi.org\/wp-content\/uploads\/2025\/09\/OKOYE-12x12.png 12w\" sizes=\"(max-width: 679px) 100vw, 679px\" \/><\/figure><div class=\"elementor-image-box-content\"><h3 class=\"elementor-image-box-title\">Cirilo A. Okoye<\/h3><p class=\"elementor-image-box-description\">Secretario General, AADFI<\/p><\/div><\/div>\t\t\t\t<\/div>\n\t\t\t\t<\/div>\n\t\t\t\t<div class=\"elementor-element elementor-element-369a606 elementor-position-top elementor-widget elementor-widget-image-box\" data-id=\"369a606\" data-element_type=\"widget\" data-widget_type=\"image-box.default\">\n\t\t\t\t<div class=\"elementor-widget-container\">\n\t\t\t\t\t<div class=\"elementor-image-box-wrapper\"><figure class=\"elementor-image-box-img\"><img loading=\"lazy\" decoding=\"async\" width=\"679\" height=\"683\" src=\"https:\/\/wfdfi.org\/wp-content\/uploads\/2026\/01\/Contacto.jpg\" class=\"attachment-full size-full wp-image-9030\" alt=\"\" srcset=\"https:\/\/wfdfi.org\/wp-content\/uploads\/2026\/01\/Contacto.jpg 679w, https:\/\/wfdfi.org\/wp-content\/uploads\/2026\/01\/Contacto-298x300.jpg 298w, https:\/\/wfdfi.org\/wp-content\/uploads\/2026\/01\/Contacto-150x150.jpg 150w, https:\/\/wfdfi.org\/wp-content\/uploads\/2026\/01\/Contacto-12x12.jpg 12w\" sizes=\"(max-width: 679px) 100vw, 679px\" \/><\/figure><div class=\"elementor-image-box-content\"><p class=\"elementor-image-box-description\">Secretario General, ELTI<\/p><\/div><\/div>\t\t\t\t<\/div>\n\t\t\t\t<\/div>\n\t\t\t\t<\/div>\n\t\t\t\t<\/div>\n\t\t\t\t\t<\/div>\n\t\t\t\t<\/div>\n\t\t<div class=\"elementor-element elementor-element-98bc713 e-flex e-con-boxed e-con e-parent\" data-id=\"98bc713\" data-element_type=\"container\">\n\t\t\t\t\t<div class=\"e-con-inner\">\n\t\t<div class=\"elementor-element elementor-element-0ac2596 e-con-full e-flex e-con e-child\" data-id=\"0ac2596\" data-element_type=\"container\">\n\t\t\t\t<div class=\"elementor-element elementor-element-4d112eb elementor-widget elementor-widget-heading\" data-id=\"4d112eb\" data-element_type=\"widget\" data-widget_type=\"heading.default\">\n\t\t\t\t<div class=\"elementor-widget-container\">\n\t\t\t\t\t<h3 class=\"elementor-heading-title elementor-size-default\">Gesti\u00f3n<\/h3>\t\t\t\t<\/div>\n\t\t\t\t<\/div>\n\t\t\t\t<div class=\"elementor-element elementor-element-2bc7735 elementor-widget elementor-widget-text-editor\" data-id=\"2bc7735\" data-element_type=\"widget\" data-widget_type=\"text-editor.default\">\n\t\t\t\t<div class=\"elementor-widget-container\">\n\t\t\t\t\t\t\t\t\t<p>La gesti\u00f3n de la Federaci\u00f3n se lleva a cabo por la Secretar\u00eda General bajo la direcci\u00f3n del Secretario General, quien es el director ejecutivo de la WFDFI.<\/p><p>La Secretar\u00eda General deber\u00e1 desempe\u00f1ar sus funciones de conformidad con las pol\u00edticas, los procedimientos y los presupuestos aprobados por la Junta de Gobernadores.<\/p><p>El Secretario General mantendr\u00e1 toda la autoridad, poderes, derechos y deberes que son aprobados por la Junta de Gobernadores.<\/p>\t\t\t\t\t\t\t\t<\/div>\n\t\t\t\t<\/div>\n\t\t\t\t<\/div>\n\t\t\t\t\t<\/div>\n\t\t\t\t<\/div>\n\t\t<div class=\"elementor-element elementor-element-fa4bdd1 e-flex e-con-boxed e-con e-parent\" data-id=\"fa4bdd1\" data-element_type=\"container\">\n\t\t\t\t\t<div class=\"e-con-inner\">\n\t\t<div class=\"elementor-element elementor-element-e80c7c1 e-con-full e-flex e-con e-child\" data-id=\"e80c7c1\" data-element_type=\"container\">\n\t\t\t\t<div class=\"elementor-element elementor-element-43f3149 elementor-widget elementor-widget-heading\" data-id=\"43f3149\" data-element_type=\"widget\" data-widget_type=\"heading.default\">\n\t\t\t\t<div class=\"elementor-widget-container\">\n\t\t\t\t\t<h3 class=\"elementor-heading-title elementor-size-default\">El proceso de gesti\u00f3n de la junta directiva<\/h3>\t\t\t\t<\/div>\n\t\t\t\t<\/div>\n\t\t\t\t<div class=\"elementor-element elementor-element-1677719 elementor-widget elementor-widget-text-editor\" data-id=\"1677719\" data-element_type=\"widget\" data-widget_type=\"text-editor.default\">\n\t\t\t\t<div class=\"elementor-widget-container\">\n\t\t\t\t\t\t\t\t\t<p><strong>Proporciona una clara delimitaci\u00f3n de las funciones de la Junta de Gobernadores (direcci\u00f3n estrat\u00e9gica y el establecimiento de pol\u00edticas) y de la Secretar\u00eda General (d\u00eda a d\u00eda de la gesti\u00f3n operativa).<\/strong><\/p>\t\t\t\t\t\t\t\t<\/div>\n\t\t\t\t<\/div>\n\t\t\t\t<div class=\"elementor-element elementor-element-7dc1c03 elementor-widget elementor-widget-heading\" data-id=\"7dc1c03\" data-element_type=\"widget\" data-widget_type=\"heading.default\">\n\t\t\t\t<div class=\"elementor-widget-container\">\n\t\t\t\t\t<h3 class=\"elementor-heading-title elementor-size-default\">\nI \u2013 La Junta de Gobernadores(BOG)<\/h3>\t\t\t\t<\/div>\n\t\t\t\t<\/div>\n\t\t\t\t<div class=\"elementor-element elementor-element-9c3fd23 elementor-widget elementor-widget-text-editor\" data-id=\"9c3fd23\" data-element_type=\"widget\" data-widget_type=\"text-editor.default\">\n\t\t\t\t<div class=\"elementor-widget-container\">\n\t\t\t\t\t\t\t\t\t<p>La Junta de Gobernadores define el futuro de la Federaci\u00f3n. Establece la Federaci\u00f3n de la visi\u00f3n, la misi\u00f3n y los objetivos operacionales.<\/p>\t\t\t\t\t\t\t\t<\/div>\n\t\t\t\t<\/div>\n\t\t\t\t<div class=\"elementor-element elementor-element-526f643 elementor-widget elementor-widget-eael-adv-accordion\" data-id=\"526f643\" data-element_type=\"widget\" data-widget_type=\"eael-adv-accordion.default\">\n\t\t\t\t<div class=\"elementor-widget-container\">\n\t\t\t\t\t        <div class=\"eael-adv-accordion\" id=\"eael-adv-accordion-526f643\" data-scroll-on-click=\"no\" data-scroll-speed=\"300\" data-accordion-id=\"526f643\" data-accordion-type=\"accordion\" data-toogle-speed=\"300\">\n    <div class=\"eael-accordion-list\">\n                <div id=\"board-composition\" class=\"elementor-tab-title eael-accordion-header active-default\" tabindex=\"0\" data-tab=\"1\" aria-controls=\"elementor-tab-content-8641\"><span class=\"eael-advanced-accordion-icon-closed\"><svg aria-hidden=\"true\" class=\"fa-accordion-icon e-font-icon-svg e-fas-plus\" viewbox=\"0 0 448 512\" xmlns=\"http:\/\/www.w3.org\/2000\/svg\"><path d=\"M416 208H272V64c0-17.67-14.33-32-32-32h-32c-17.67 0-32 14.33-32 32v144H32c-17.67 0-32 14.33-32 32v32c0 17.67 14.33 32 32 32h144v144c0 17.67 14.33 32 32 32h32c17.67 0 32-14.33 32-32V304h144c17.67 0 32-14.33 32-32v-32c0-17.67-14.33-32-32-32z\"><\/path><\/svg><\/span><span class=\"eael-advanced-accordion-icon-opened\"><svg aria-hidden=\"true\" class=\"fa-accordion-icon e-font-icon-svg e-fas-minus\" viewbox=\"0 0 448 512\" xmlns=\"http:\/\/www.w3.org\/2000\/svg\"><path d=\"M416 208H32c-17.67 0-32 14.33-32 32v32c0 17.67 14.33 32 32 32h384c17.67 0 32-14.33 32-32v-32c0-17.67-14.33-32-32-32z\"><\/path><\/svg><\/span><span class=\"eael-accordion-tab-title\">COMPOSICI\u00d3N DEL CONSEJO DE ADMINISTRACI\u00d3N<\/span><svg aria-hidden=\"true\" class=\"fa-toggle e-font-icon-svg e-fas-angle-right\" viewbox=\"0 0 256 512\" xmlns=\"http:\/\/www.w3.org\/2000\/svg\"><path d=\"M224.3 273l-136 136c-9.4 9.4-24.6 9.4-33.9 0l-22.6-22.6c-9.4-9.4-9.4-24.6 0-33.9l96.4-96.4-96.4-96.4c-9.4-9.4-9.4-24.6 0-33.9L54.3 103c9.4-9.4 24.6-9.4 33.9 0l136 136c9.5 9.4 9.5 24.6.1 34z\"><\/path><\/svg><\/div><div id=\"elementor-tab-content-8641\" class=\"eael-accordion-content clearfix active-default\" data-tab=\"1\" aria-labelledby=\"board-composition\"><ul><li>La Federaci\u00f3n se regir\u00e1 por una Junta de Gobernadores (BOG), integrado por los Secretarios Generales de cada uno de los Ordinarios de los Miembros Regionales.<\/li><li>Los miembros del consejo directivo est\u00e1n personalmente comprometidos con la misi\u00f3n de la Federaci\u00f3n, dispuestos a ser voluntarios de suficiente tiempo y recursos para ayudar a lograr su misi\u00f3n y cumplir con sus responsabilidades fiduciarias.<\/li><li>El consejo directivo no podr\u00e1 recibir compensaci\u00f3n por sus servicios.<\/li><\/ul><\/div>\n                <\/div><div class=\"eael-accordion-list\">\n                <div id=\"general-job-description-of-members-of-the-board-of-governors\" class=\"elementor-tab-title eael-accordion-header\" tabindex=\"0\" data-tab=\"2\" aria-controls=\"elementor-tab-content-8642\"><span class=\"eael-advanced-accordion-icon-closed\"><svg aria-hidden=\"true\" class=\"fa-accordion-icon e-font-icon-svg e-fas-plus\" viewbox=\"0 0 448 512\" xmlns=\"http:\/\/www.w3.org\/2000\/svg\"><path d=\"M416 208H272V64c0-17.67-14.33-32-32-32h-32c-17.67 0-32 14.33-32 32v144H32c-17.67 0-32 14.33-32 32v32c0 17.67 14.33 32 32 32h144v144c0 17.67 14.33 32 32 32h32c17.67 0 32-14.33 32-32V304h144c17.67 0 32-14.33 32-32v-32c0-17.67-14.33-32-32-32z\"><\/path><\/svg><\/span><span class=\"eael-advanced-accordion-icon-opened\"><svg aria-hidden=\"true\" class=\"fa-accordion-icon e-font-icon-svg e-fas-minus\" viewbox=\"0 0 448 512\" xmlns=\"http:\/\/www.w3.org\/2000\/svg\"><path d=\"M416 208H32c-17.67 0-32 14.33-32 32v32c0 17.67 14.33 32 32 32h384c17.67 0 32-14.33 32-32v-32c0-17.67-14.33-32-32-32z\"><\/path><\/svg><\/span><span class=\"eael-accordion-tab-title\">DESCRIPCI\u00d3N GENERAL DEL TRABAJO DE LOS MIEMBROS DE LA JUNTA DE GOBERNADORES<\/span><svg aria-hidden=\"true\" class=\"fa-toggle e-font-icon-svg e-fas-angle-right\" viewbox=\"0 0 256 512\" xmlns=\"http:\/\/www.w3.org\/2000\/svg\"><path d=\"M224.3 273l-136 136c-9.4 9.4-24.6 9.4-33.9 0l-22.6-22.6c-9.4-9.4-9.4-24.6 0-33.9l96.4-96.4-96.4-96.4c-9.4-9.4-9.4-24.6 0-33.9L54.3 103c9.4-9.4 24.6-9.4 33.9 0l136 136c9.5 9.4 9.5 24.6.1 34z\"><\/path><\/svg><\/div><div id=\"elementor-tab-content-8642\" class=\"eael-accordion-content clearfix\" data-tab=\"2\" aria-labelledby=\"general-job-description-of-members-of-the-board-of-governors\"><ul><li>Asistir a reuniones de consejo directivo y especiales relacionados con regularidad a las reuniones.<\/li><li>Opiniones y comentarios sobre la Federaci\u00f3n de actas e informes.<\/li><li>Participante activamente en el establecimiento de la direcci\u00f3n estrat\u00e9gica y la planificaci\u00f3n anual de la Federaci\u00f3n de eventos<\/li><li>Participar en la recaudaci\u00f3n de fondos para la Federaci\u00f3n<\/li><\/ul><\/div>\n                <\/div><div class=\"eael-accordion-list\">\n                <div id=\"specific-duties-and-responsibilities\" class=\"elementor-tab-title eael-accordion-header\" tabindex=\"0\" data-tab=\"3\" aria-controls=\"elementor-tab-content-8643\"><span class=\"eael-advanced-accordion-icon-closed\"><svg aria-hidden=\"true\" class=\"fa-accordion-icon e-font-icon-svg e-fas-plus\" viewbox=\"0 0 448 512\" xmlns=\"http:\/\/www.w3.org\/2000\/svg\"><path d=\"M416 208H272V64c0-17.67-14.33-32-32-32h-32c-17.67 0-32 14.33-32 32v144H32c-17.67 0-32 14.33-32 32v32c0 17.67 14.33 32 32 32h144v144c0 17.67 14.33 32 32 32h32c17.67 0 32-14.33 32-32V304h144c17.67 0 32-14.33 32-32v-32c0-17.67-14.33-32-32-32z\"><\/path><\/svg><\/span><span class=\"eael-advanced-accordion-icon-opened\"><svg aria-hidden=\"true\" class=\"fa-accordion-icon e-font-icon-svg e-fas-minus\" viewbox=\"0 0 448 512\" xmlns=\"http:\/\/www.w3.org\/2000\/svg\"><path d=\"M416 208H32c-17.67 0-32 14.33-32 32v32c0 17.67 14.33 32 32 32h384c17.67 0 32-14.33 32-32v-32c0-17.67-14.33-32-32-32z\"><\/path><\/svg><\/span><span class=\"eael-accordion-tab-title\">DEBERES Y RESPONSABILIDADES ESPEC\u00cdFICAS<\/span><svg aria-hidden=\"true\" class=\"fa-toggle e-font-icon-svg e-fas-angle-right\" viewbox=\"0 0 256 512\" xmlns=\"http:\/\/www.w3.org\/2000\/svg\"><path d=\"M224.3 273l-136 136c-9.4 9.4-24.6 9.4-33.9 0l-22.6-22.6c-9.4-9.4-9.4-24.6 0-33.9l96.4-96.4-96.4-96.4c-9.4-9.4-9.4-24.6 0-33.9L54.3 103c9.4-9.4 24.6-9.4 33.9 0l136 136c9.5 9.4 9.5 24.6.1 34z\"><\/path><\/svg><\/div><div id=\"elementor-tab-content-8643\" class=\"eael-accordion-content clearfix\" data-tab=\"3\" aria-labelledby=\"specific-duties-and-responsibilities\"><ul><li>El consejo directivo se re\u00fane regularmente para revisar la direcci\u00f3n estrat\u00e9gica, para definir los objetivos espec\u00edficos y los objetivos relacionados con la misi\u00f3n, y para evaluar el \u00e9xito de la Federaci\u00f3n, programas y actividades.<\/li><li>El consejo directivo aprueba las pol\u00edticas de la Federaci\u00f3n.<\/li><li>El consejo directivo aprueba anualmente la Federaci\u00f3n del presupuesto y se eval\u00faa su desempe\u00f1o financiero.<\/li><\/ul><\/div>\n                <\/div><div class=\"eael-accordion-list\">\n                <div id=\"conduct-of-the-board\" class=\"elementor-tab-title eael-accordion-header\" tabindex=\"0\" data-tab=\"4\" aria-controls=\"elementor-tab-content-8644\"><span class=\"eael-advanced-accordion-icon-closed\"><svg aria-hidden=\"true\" class=\"fa-accordion-icon e-font-icon-svg e-fas-plus\" viewbox=\"0 0 448 512\" xmlns=\"http:\/\/www.w3.org\/2000\/svg\"><path d=\"M416 208H272V64c0-17.67-14.33-32-32-32h-32c-17.67 0-32 14.33-32 32v144H32c-17.67 0-32 14.33-32 32v32c0 17.67 14.33 32 32 32h144v144c0 17.67 14.33 32 32 32h32c17.67 0 32-14.33 32-32V304h144c17.67 0 32-14.33 32-32v-32c0-17.67-14.33-32-32-32z\"><\/path><\/svg><\/span><span class=\"eael-advanced-accordion-icon-opened\"><svg aria-hidden=\"true\" class=\"fa-accordion-icon e-font-icon-svg e-fas-minus\" viewbox=\"0 0 448 512\" xmlns=\"http:\/\/www.w3.org\/2000\/svg\"><path d=\"M416 208H32c-17.67 0-32 14.33-32 32v32c0 17.67 14.33 32 32 32h384c17.67 0 32-14.33 32-32v-32c0-17.67-14.33-32-32-32z\"><\/path><\/svg><\/span><span class=\"eael-accordion-tab-title\">LA CONDUCTA DE LA JUNTA<\/span><svg aria-hidden=\"true\" class=\"fa-toggle e-font-icon-svg e-fas-angle-right\" viewbox=\"0 0 256 512\" xmlns=\"http:\/\/www.w3.org\/2000\/svg\"><path d=\"M224.3 273l-136 136c-9.4 9.4-24.6 9.4-33.9 0l-22.6-22.6c-9.4-9.4-9.4-24.6 0-33.9l96.4-96.4-96.4-96.4c-9.4-9.4-9.4-24.6 0-33.9L54.3 103c9.4-9.4 24.6-9.4 33.9 0l136 136c9.5 9.4 9.5 24.6.1 34z\"><\/path><\/svg><\/div><div id=\"elementor-tab-content-8644\" class=\"eael-accordion-content clearfix\" data-tab=\"4\" aria-labelledby=\"conduct-of-the-board\"><ul><li>El consejo directivo se reunir\u00e1 con la frecuencia necesaria para la realizaci\u00f3n adecuada de los negocios de la Federaci\u00f3n. Como m\u00ednimo, el consejo directivo deber\u00e1 reunirse f\u00edsicamente al menos una vez al a\u00f1o, con un qu\u00f3rum presente, pero puede consultarse en cualquier momento por e-mail u otros medios de comunicaci\u00f3n.<\/li><li>Escrito actas de la reuni\u00f3n deben reflejar las acciones del consejo directivo. El Secretario General permanente deber\u00e1 retener los minutos, distribuirlos a BOG y ponerlos a disposici\u00f3n de los miembros de la revisi\u00f3n.<\/li><\/ul><\/div>\n                <\/div><\/div>\t\t\t\t<\/div>\n\t\t\t\t<\/div>\n\t\t\t\t<div class=\"elementor-element elementor-element-42989b5 elementor-widget elementor-widget-heading\" data-id=\"42989b5\" data-element_type=\"widget\" data-widget_type=\"heading.default\">\n\t\t\t\t<div class=\"elementor-widget-container\">\n\t\t\t\t\t<h3 class=\"elementor-heading-title elementor-size-default\">II \u2013 La Secretar\u00eda General<\/h3>\t\t\t\t<\/div>\n\t\t\t\t<\/div>\n\t\t\t\t<\/div>\n\t\t\t\t\t<\/div>\n\t\t\t\t<\/div>\n\t\t<div class=\"elementor-element elementor-element-c47d355 e-flex e-con-boxed e-con e-parent\" data-id=\"c47d355\" data-element_type=\"container\">\n\t\t\t\t\t<div class=\"e-con-inner\">\n\t\t<div class=\"elementor-element elementor-element-8020e6f e-con-full e-flex e-con e-child\" data-id=\"8020e6f\" data-element_type=\"container\">\n\t\t\t\t<div class=\"elementor-element elementor-element-6cedff6 elementor-widget elementor-widget-image\" data-id=\"6cedff6\" data-element_type=\"widget\" data-widget_type=\"image.default\">\n\t\t\t\t<div class=\"elementor-widget-container\">\n\t\t\t\t\t\t\t\t\t\t\t\t\t\t\t<img loading=\"lazy\" decoding=\"async\" width=\"800\" height=\"517\" src=\"https:\/\/wfdfi.org\/wp-content\/uploads\/2025\/01\/General-secretary.jpg\" class=\"attachment-large size-large wp-image-7646\" alt=\"\" srcset=\"https:\/\/wfdfi.org\/wp-content\/uploads\/2025\/01\/General-secretary.jpg 800w, https:\/\/wfdfi.org\/wp-content\/uploads\/2025\/01\/General-secretary-300x194.jpg 300w, https:\/\/wfdfi.org\/wp-content\/uploads\/2025\/01\/General-secretary-768x496.jpg 768w, https:\/\/wfdfi.org\/wp-content\/uploads\/2025\/01\/General-secretary-18x12.jpg 18w\" sizes=\"(max-width: 800px) 100vw, 800px\" \/>\t\t\t\t\t\t\t\t\t\t\t\t\t\t\t<\/div>\n\t\t\t\t<\/div>\n\t\t\t\t<\/div>\n\t\t<div class=\"elementor-element elementor-element-291c34d e-con-full e-flex e-con e-child\" data-id=\"291c34d\" data-element_type=\"container\">\n\t\t\t\t<div class=\"elementor-element elementor-element-ef589e9 elementor-widget elementor-widget-text-editor\" data-id=\"ef589e9\" data-element_type=\"widget\" data-widget_type=\"text-editor.default\">\n\t\t\t\t<div class=\"elementor-widget-container\">\n\t\t\t\t\t\t\t\t\t<p>La Secretar\u00eda General administra los asuntos de la Federaci\u00f3n, bajo la direcci\u00f3n del Secretario General, quien es el director ejecutivo de la WFDFI.<\/p>\t\t\t\t\t\t\t\t<\/div>\n\t\t\t\t<\/div>\n\t\t\t\t<div class=\"elementor-element elementor-element-18608c7 elementor-widget elementor-widget-heading\" data-id=\"18608c7\" data-element_type=\"widget\" data-widget_type=\"heading.default\">\n\t\t\t\t<div class=\"elementor-widget-container\">\n\t\t\t\t\t<h2 class=\"elementor-heading-title elementor-size-default\">Deberes y Responsabilidades <\/h2>\t\t\t\t<\/div>\n\t\t\t\t<\/div>\n\t\t\t\t<div class=\"elementor-element elementor-element-e35eeda elementor-widget elementor-widget-text-editor\" data-id=\"e35eeda\" data-element_type=\"widget\" data-widget_type=\"text-editor.default\">\n\t\t\t\t<div class=\"elementor-widget-container\">\n\t\t\t\t\t\t\t\t\t<p>La Secretar\u00eda General deber\u00e1:<\/p>\t\t\t\t\t\t\t\t<\/div>\n\t\t\t\t<\/div>\n\t\t\t\t<\/div>\n\t\t\t\t\t<\/div>\n\t\t\t\t<\/div>\n\t\t<div class=\"elementor-element elementor-element-1070cfd e-flex e-con-boxed e-con e-parent\" data-id=\"1070cfd\" data-element_type=\"container\">\n\t\t\t\t\t<div class=\"e-con-inner\">\n\t\t<div class=\"elementor-element elementor-element-f60c557 e-con-full e-flex e-con e-child\" data-id=\"f60c557\" data-element_type=\"container\" data-settings=\"{&quot;background_background&quot;:&quot;classic&quot;}\">\n\t\t\t\t<div class=\"elementor-element elementor-element-8d2695e elementor-icon-list--layout-traditional elementor-list-item-link-full_width elementor-widget elementor-widget-icon-list\" data-id=\"8d2695e\" data-element_type=\"widget\" data-widget_type=\"icon-list.default\">\n\t\t\t\t<div class=\"elementor-widget-container\">\n\t\t\t\t\t\t\t<ul class=\"elementor-icon-list-items\">\n\t\t\t\t\t\t\t<li class=\"elementor-icon-list-item\">\n\t\t\t\t\t\t\t\t\t\t\t<span class=\"elementor-icon-list-icon\">\n\t\t\t\t\t\t\t<svg aria-hidden=\"true\" class=\"e-font-icon-svg e-fas-check\" viewbox=\"0 0 512 512\" xmlns=\"http:\/\/www.w3.org\/2000\/svg\"><path d=\"M173.898 439.404l-166.4-166.4c-9.997-9.997-9.997-26.206 0-36.204l36.203-36.204c9.997-9.998 26.207-9.998 36.204 0L192 312.69 432.095 72.596c9.997-9.997 26.207-9.997 36.204 0l36.203 36.204c9.997 9.997 9.997 26.206 0 36.204l-294.4 294.401c-9.998 9.997-26.207 9.997-36.204-.001z\"><\/path><\/svg>\t\t\t\t\t\t<\/span>\n\t\t\t\t\t\t\t\t\t\t<span class=\"elementor-icon-list-text\">Ser responsable para el d\u00eda a d\u00eda de la administraci\u00f3n de la Asociaci\u00f3n<\/span>\n\t\t\t\t\t\t\t\t\t<\/li>\n\t\t\t\t\t\t\t\t<li class=\"elementor-icon-list-item\">\n\t\t\t\t\t\t\t\t\t\t\t<span class=\"elementor-icon-list-icon\">\n\t\t\t\t\t\t\t<svg aria-hidden=\"true\" class=\"e-font-icon-svg e-fas-check\" viewbox=\"0 0 512 512\" xmlns=\"http:\/\/www.w3.org\/2000\/svg\"><path d=\"M173.898 439.404l-166.4-166.4c-9.997-9.997-9.997-26.206 0-36.204l36.203-36.204c9.997-9.998 26.207-9.998 36.204 0L192 312.69 432.095 72.596c9.997-9.997 26.207-9.997 36.204 0l36.203 36.204c9.997 9.997 9.997 26.206 0 36.204l-294.4 294.401c-9.998 9.997-26.207 9.997-36.204-.001z\"><\/path><\/svg>\t\t\t\t\t\t<\/span>\n\t\t\t\t\t\t\t\t\t\t<span class=\"elementor-icon-list-text\">Implementar todas las decisiones y medidas de la Federaci\u00f3n, si se decidi\u00f3 por la Asamblea General o el consejo directivo, dentro de las disposiciones de la Constituci\u00f3n, o de las normas, reglamentos y directivas de la forma enmendada de tiempo en tiempo, con los siguientes procedimientos:<\/span>\n\t\t\t\t\t\t\t\t\t<\/li>\n\t\t\t\t\t\t<\/ul>\n\t\t\t\t\t\t<\/div>\n\t\t\t\t<\/div>\n\t\t\t\t<div class=\"elementor-element elementor-element-4e84ab1 elementor-widget elementor-widget-text-editor\" data-id=\"4e84ab1\" data-element_type=\"widget\" data-widget_type=\"text-editor.default\">\n\t\t\t\t<div class=\"elementor-widget-container\">\n\t\t\t\t\t\t\t\t\t<p><strong>i-<\/strong>\u00a0&#034;Rutinario&#034; asuntos (los aprobados por el consejo directivo y las acciones tomadas en el curso normal de las operaciones de la Secretar\u00eda General) \u2013 la Secretar\u00eda General se encargar\u00e1 de gestionar y aplicar directamente los detalles y, a continuaci\u00f3n, informar al consejo directivo a trav\u00e9s del informe operacional trimestral.<\/p><p><strong>ii-<\/strong>\u00a0Para el &#034;consentimiento&#034; de los asuntos (aquellos que van a ser implementadas en el corto plazo), la Secretar\u00eda General elaborar\u00e1 un proyecto de resoluci\u00f3n para el Consejo del consentimiento. Una vez aprobado y confirmado por el consejo directivo, estos se convierten en &#034;rutina&#034; asuntos que considere oportunas.<\/p><p><strong>iii-<\/strong>\u00a0Para &#034;estrat\u00e9gico&#034; asuntos (aquellos con impacto a largo plazo de la Federaci\u00f3n), la Secretar\u00eda General har\u00e1 la propuesta al consejo directivo y una vez aprobados, estos tambi\u00e9n se convierten en &#034;rutina&#034; asuntos que considere oportunas.<\/p><p><strong>iv-<\/strong>\u00a0La correspondencia de estos asuntos se har\u00e1 a trav\u00e9s de correo electr\u00f3nico por razones pr\u00e1cticas, por tel\u00e9fono o fax, si es necesario. Una fecha l\u00edmite para la acci\u00f3n tambi\u00e9n ser\u00e1 indicado en el mismo.<\/p>\t\t\t\t\t\t\t\t<\/div>\n\t\t\t\t<\/div>\n\t\t\t\t<div class=\"elementor-element elementor-element-8e77fd3 elementor-icon-list--layout-traditional elementor-list-item-link-full_width elementor-widget elementor-widget-icon-list\" data-id=\"8e77fd3\" data-element_type=\"widget\" data-widget_type=\"icon-list.default\">\n\t\t\t\t<div class=\"elementor-widget-container\">\n\t\t\t\t\t\t\t<ul class=\"elementor-icon-list-items\">\n\t\t\t\t\t\t\t<li class=\"elementor-icon-list-item\">\n\t\t\t\t\t\t\t\t\t\t\t<span class=\"elementor-icon-list-icon\">\n\t\t\t\t\t\t\t<svg aria-hidden=\"true\" class=\"e-font-icon-svg e-fas-check\" viewbox=\"0 0 512 512\" xmlns=\"http:\/\/www.w3.org\/2000\/svg\"><path d=\"M173.898 439.404l-166.4-166.4c-9.997-9.997-9.997-26.206 0-36.204l36.203-36.204c9.997-9.998 26.207-9.998 36.204 0L192 312.69 432.095 72.596c9.997-9.997 26.207-9.997 36.204 0l36.203 36.204c9.997 9.997 9.997 26.206 0 36.204l-294.4 294.401c-9.998 9.997-26.207 9.997-36.204-.001z\"><\/path><\/svg>\t\t\t\t\t\t<\/span>\n\t\t\t\t\t\t\t\t\t\t<span class=\"elementor-icon-list-text\">Asegurar la coordinaci\u00f3n constante entre los miembros de la Federaci\u00f3n.<\/span>\n\t\t\t\t\t\t\t\t\t<\/li>\n\t\t\t\t\t\t\t\t<li class=\"elementor-icon-list-item\">\n\t\t\t\t\t\t\t\t\t\t\t<span class=\"elementor-icon-list-icon\">\n\t\t\t\t\t\t\t<svg aria-hidden=\"true\" class=\"e-font-icon-svg e-fas-check\" viewbox=\"0 0 512 512\" xmlns=\"http:\/\/www.w3.org\/2000\/svg\"><path d=\"M173.898 439.404l-166.4-166.4c-9.997-9.997-9.997-26.206 0-36.204l36.203-36.204c9.997-9.998 26.207-9.998 36.204 0L192 312.69 432.095 72.596c9.997-9.997 26.207-9.997 36.204 0l36.203 36.204c9.997 9.997 9.997 26.206 0 36.204l-294.4 294.401c-9.998 9.997-26.207 9.997-36.204-.001z\"><\/path><\/svg>\t\t\t\t\t\t<\/span>\n\t\t\t\t\t\t\t\t\t\t<span class=\"elementor-icon-list-text\">Organizar conferencias y de otras reuniones de los miembros de la Federaci\u00f3n.<\/span>\n\t\t\t\t\t\t\t\t\t<\/li>\n\t\t\t\t\t\t\t\t<li class=\"elementor-icon-list-item\">\n\t\t\t\t\t\t\t\t\t\t\t<span class=\"elementor-icon-list-icon\">\n\t\t\t\t\t\t\t<svg aria-hidden=\"true\" class=\"e-font-icon-svg e-fas-check\" viewbox=\"0 0 512 512\" xmlns=\"http:\/\/www.w3.org\/2000\/svg\"><path d=\"M173.898 439.404l-166.4-166.4c-9.997-9.997-9.997-26.206 0-36.204l36.203-36.204c9.997-9.998 26.207-9.998 36.204 0L192 312.69 432.095 72.596c9.997-9.997 26.207-9.997 36.204 0l36.203 36.204c9.997 9.997 9.997 26.206 0 36.204l-294.4 294.401c-9.998 9.997-26.207 9.997-36.204-.001z\"><\/path><\/svg>\t\t\t\t\t\t<\/span>\n\t\t\t\t\t\t\t\t\t\t<span class=\"elementor-icon-list-text\">Administrar las finanzas de la Federaci\u00f3n.<\/span>\n\t\t\t\t\t\t\t\t\t<\/li>\n\t\t\t\t\t\t\t\t<li class=\"elementor-icon-list-item\">\n\t\t\t\t\t\t\t\t\t\t\t<span class=\"elementor-icon-list-icon\">\n\t\t\t\t\t\t\t<svg aria-hidden=\"true\" class=\"e-font-icon-svg e-fas-check\" viewbox=\"0 0 512 512\" xmlns=\"http:\/\/www.w3.org\/2000\/svg\"><path d=\"M173.898 439.404l-166.4-166.4c-9.997-9.997-9.997-26.206 0-36.204l36.203-36.204c9.997-9.998 26.207-9.998 36.204 0L192 312.69 432.095 72.596c9.997-9.997 26.207-9.997 36.204 0l36.203 36.204c9.997 9.997 9.997 26.206 0 36.204l-294.4 294.401c-9.998 9.997-26.207 9.997-36.204-.001z\"><\/path><\/svg>\t\t\t\t\t\t<\/span>\n\t\t\t\t\t\t\t\t\t\t<span class=\"elementor-icon-list-text\">Mantener los registros de la Federaci\u00f3n.<\/span>\n\t\t\t\t\t\t\t\t\t<\/li>\n\t\t\t\t\t\t<\/ul>\n\t\t\t\t\t\t<\/div>\n\t\t\t\t<\/div>\n\t\t\t\t<div class=\"elementor-element elementor-element-f143b4e elementor-widget elementor-widget-heading\" data-id=\"f143b4e\" data-element_type=\"widget\" data-widget_type=\"heading.default\">\n\t\t\t\t<div class=\"elementor-widget-container\">\n\t\t\t\t\t<h2 class=\"elementor-heading-title elementor-size-default\">Descripci\u00f3n espec\u00edfica del Trabajo de la Secretar\u00eda General (aparte de los mencionados anteriormente) <\/h2>\t\t\t\t<\/div>\n\t\t\t\t<\/div>\n\t\t\t\t<div class=\"elementor-element elementor-element-86245bf elementor-icon-list--layout-traditional elementor-list-item-link-full_width elementor-widget elementor-widget-icon-list\" data-id=\"86245bf\" data-element_type=\"widget\" data-widget_type=\"icon-list.default\">\n\t\t\t\t<div class=\"elementor-widget-container\">\n\t\t\t\t\t\t\t<ul class=\"elementor-icon-list-items\">\n\t\t\t\t\t\t\t<li class=\"elementor-icon-list-item\">\n\t\t\t\t\t\t\t\t\t\t\t<span class=\"elementor-icon-list-icon\">\n\t\t\t\t\t\t\t<svg aria-hidden=\"true\" class=\"e-font-icon-svg e-fas-check\" viewbox=\"0 0 512 512\" xmlns=\"http:\/\/www.w3.org\/2000\/svg\"><path d=\"M173.898 439.404l-166.4-166.4c-9.997-9.997-9.997-26.206 0-36.204l36.203-36.204c9.997-9.998 26.207-9.998 36.204 0L192 312.69 432.095 72.596c9.997-9.997 26.207-9.997 36.204 0l36.203 36.204c9.997 9.997 9.997 26.206 0 36.204l-294.4 294.401c-9.998 9.997-26.207 9.997-36.204-.001z\"><\/path><\/svg>\t\t\t\t\t\t<\/span>\n\t\t\t\t\t\t\t\t\t\t<span class=\"elementor-icon-list-text\">Sirve como el principal portavoz de la Federaci\u00f3n en asuntos relativos a los asuntos de la Asociaci\u00f3n.<\/span>\n\t\t\t\t\t\t\t\t\t<\/li>\n\t\t\t\t\t\t\t\t<li class=\"elementor-icon-list-item\">\n\t\t\t\t\t\t\t\t\t\t\t<span class=\"elementor-icon-list-icon\">\n\t\t\t\t\t\t\t<svg aria-hidden=\"true\" class=\"e-font-icon-svg e-fas-check\" viewbox=\"0 0 512 512\" xmlns=\"http:\/\/www.w3.org\/2000\/svg\"><path d=\"M173.898 439.404l-166.4-166.4c-9.997-9.997-9.997-26.206 0-36.204l36.203-36.204c9.997-9.998 26.207-9.998 36.204 0L192 312.69 432.095 72.596c9.997-9.997 26.207-9.997 36.204 0l36.203 36.204c9.997 9.997 9.997 26.206 0 36.204l-294.4 294.401c-9.998 9.997-26.207 9.997-36.204-.001z\"><\/path><\/svg>\t\t\t\t\t\t<\/span>\n\t\t\t\t\t\t\t\t\t\t<span class=\"elementor-icon-list-text\">Es el representante oficial de la Federaci\u00f3n en las reuniones regionales e internacionales de la naturaleza.<\/span>\n\t\t\t\t\t\t\t\t\t<\/li>\n\t\t\t\t\t\t\t\t<li class=\"elementor-icon-list-item\">\n\t\t\t\t\t\t\t\t\t\t\t<span class=\"elementor-icon-list-icon\">\n\t\t\t\t\t\t\t<svg aria-hidden=\"true\" class=\"e-font-icon-svg e-fas-check\" viewbox=\"0 0 512 512\" xmlns=\"http:\/\/www.w3.org\/2000\/svg\"><path d=\"M173.898 439.404l-166.4-166.4c-9.997-9.997-9.997-26.206 0-36.204l36.203-36.204c9.997-9.998 26.207-9.998 36.204 0L192 312.69 432.095 72.596c9.997-9.997 26.207-9.997 36.204 0l36.203 36.204c9.997 9.997 9.997 26.206 0 36.204l-294.4 294.401c-9.998 9.997-26.207 9.997-36.204-.001z\"><\/path><\/svg>\t\t\t\t\t\t<\/span>\n\t\t\t\t\t\t\t\t\t\t<span class=\"elementor-icon-list-text\">Nombra a personas como personal de la Secretar\u00eda General, seg\u00fan sea necesario, sobre los t\u00e9rminos y condiciones aprobado por el consejo directivo.<\/span>\n\t\t\t\t\t\t\t\t\t<\/li>\n\t\t\t\t\t\t<\/ul>\n\t\t\t\t\t\t<\/div>\n\t\t\t\t<\/div>\n\t\t\t\t<\/div>\n\t\t<div class=\"elementor-element elementor-element-078857c e-con-full e-flex e-con e-child\" data-id=\"078857c\" data-element_type=\"container\" data-settings=\"{&quot;background_background&quot;:&quot;classic&quot;}\">\n\t\t\t\t<div class=\"elementor-element elementor-element-ecd6c19 elementor-widget elementor-widget-heading\" data-id=\"ecd6c19\" data-element_type=\"widget\" data-widget_type=\"heading.default\">\n\t\t\t\t<div class=\"elementor-widget-container\">\n\t\t\t\t\t<h2 class=\"elementor-heading-title elementor-size-default\">Estructura de Gobernanza <\/h2>\t\t\t\t<\/div>\n\t\t\t\t<\/div>\n\t\t\t\t<div class=\"elementor-element elementor-element-7449268 elementor-widget elementor-widget-text-editor\" data-id=\"7449268\" data-element_type=\"widget\" data-widget_type=\"text-editor.default\">\n\t\t\t\t<div class=\"elementor-widget-container\">\n\t\t\t\t\t\t\t\t\t<p><strong>LOS SECRETARIOS GENERALES, LAS ASOCIACIONES REGIONALES DE WFDFI<\/strong><\/p>\t\t\t\t\t\t\t\t<\/div>\n\t\t\t\t<\/div>\n\t\t\t\t<div class=\"elementor-element elementor-element-df61b4b elementor-widget elementor-widget-eael-feature-list\" data-id=\"df61b4b\" data-element_type=\"widget\" data-widget_type=\"eael-feature-list.default\">\n\t\t\t\t<div class=\"elementor-widget-container\">\n\t\t\t\t\t\t\t<div class=\"-icon-position-left -tablet-icon-position-left -mobile-icon-position-left\">\n\t\t\t<ul id=\"eael-feature-list-df61b4b\" class=\"eael-feature-list-items circle stacked  eael-feature-list-vertical\">\n\t\t\t                <li class=\"eael-feature-list-item elementor-repeater-item-72fc5d1\">\n                    \n\t\t\t\t\t\t<div class=\"eael-feature-list-icon-box\">\n\t\t\t\t\t\t\t<div class=\"eael-feature-list-icon-inner\">\n\n\t\t\t\t\t\t\t\t<span class=\"eael-feature-list-icon fl-icon-0\">\n\n\t\t<svg aria-hidden=\"true\" class=\"e-font-icon-svg e-fas-check\" viewbox=\"0 0 512 512\" xmlns=\"http:\/\/www.w3.org\/2000\/svg\"><path d=\"M173.898 439.404l-166.4-166.4c-9.997-9.997-9.997-26.206 0-36.204l36.203-36.204c9.997-9.998 26.207-9.998 36.204 0L192 312.69 432.095 72.596c9.997-9.997 26.207-9.997 36.204 0l36.203 36.204c9.997 9.997 9.997 26.206 0 36.204l-294.4 294.401c-9.998 9.997-26.207 9.997-36.204-.001z\"><\/path><\/svg>\t\t\t\t\t\t\t\t<\/span>\n\t\t\t\t\t\t\t<\/div>\n\t\t\t\t\t\t<\/div>\n\t\t\t\t\t\t<div class=\"eael-feature-list-content-box\">\n                            <h2 class=\"eael-feature-list-title\">Cyril A. Okoye<\/h2>\t\t\t\t\t\t<p class=\"eael-feature-list-content\">Ag. Secretario General \u2013 AADFI (\u00c1frica)<br>\nAbidjan, Costa De Marfil<\/p>\n\t\t\t\t\t\t<\/div>\n\n\t\t\t\t\t<\/li>\n\t\t\t\t                <li class=\"eael-feature-list-item elementor-repeater-item-158c5d5\">\n                    \n\t\t\t\t\t\t<div class=\"eael-feature-list-icon-box\">\n\t\t\t\t\t\t\t<div class=\"eael-feature-list-icon-inner\">\n\n\t\t\t\t\t\t\t\t<span class=\"eael-feature-list-icon fl-icon-1\">\n\n\t\t<svg aria-hidden=\"true\" class=\"e-font-icon-svg e-fas-check\" viewbox=\"0 0 512 512\" xmlns=\"http:\/\/www.w3.org\/2000\/svg\"><path d=\"M173.898 439.404l-166.4-166.4c-9.997-9.997-9.997-26.206 0-36.204l36.203-36.204c9.997-9.998 26.207-9.998 36.204 0L192 312.69 432.095 72.596c9.997-9.997 26.207-9.997 36.204 0l36.203 36.204c9.997 9.997 9.997 26.206 0 36.204l-294.4 294.401c-9.998 9.997-26.207 9.997-36.204-.001z\"><\/path><\/svg>\t\t\t\t\t\t\t\t<\/span>\n\t\t\t\t\t\t\t<\/div>\n\t\t\t\t\t\t<\/div>\n\t\t\t\t\t\t<div class=\"eael-feature-list-content-box\">\n                            <h2 class=\"eael-feature-list-title\">Enrique I. Florencio<\/h2>\t\t\t\t\t\t<p class=\"eael-feature-list-content\">Secretario General -ADFIAP (Asia y Pac\u00edfico)<br>\nManila, Filipinas<\/p>\n\t\t\t\t\t\t<\/div>\n\n\t\t\t\t\t<\/li>\n\t\t\t\t                <li class=\"eael-feature-list-item elementor-repeater-item-8d8b48e\">\n                    \n\t\t\t\t\t\t<div class=\"eael-feature-list-icon-box\">\n\t\t\t\t\t\t\t<div class=\"eael-feature-list-icon-inner\">\n\n\t\t\t\t\t\t\t\t<span class=\"eael-feature-list-icon fl-icon-2\">\n\n\t\t<svg aria-hidden=\"true\" class=\"e-font-icon-svg e-fas-check\" viewbox=\"0 0 512 512\" xmlns=\"http:\/\/www.w3.org\/2000\/svg\"><path d=\"M173.898 439.404l-166.4-166.4c-9.997-9.997-9.997-26.206 0-36.204l36.203-36.204c9.997-9.998 26.207-9.998 36.204 0L192 312.69 432.095 72.596c9.997-9.997 26.207-9.997 36.204 0l36.203 36.204c9.997 9.997 9.997 26.206 0 36.204l-294.4 294.401c-9.998 9.997-26.207 9.997-36.204-.001z\"><\/path><\/svg>\t\t\t\t\t\t\t\t<\/span>\n\t\t\t\t\t\t\t<\/div>\n\t\t\t\t\t\t<\/div>\n\t\t\t\t\t\t<div class=\"eael-feature-list-content-box\">\n                            <h2 class=\"eael-feature-list-title\">Ilhami \u00d6zt\u00fcrk<\/h2>\t\t\t\t\t\t<p class=\"eael-feature-list-content\">Secretario General \u2013 ADFIMI (Pa\u00edses Isl\u00e1micos)<br>\nEstambul, Turqu\u00eda<\/p>\n\t\t\t\t\t\t<\/div>\n\n\t\t\t\t\t<\/li>\n\t\t\t\t                <li class=\"eael-feature-list-item elementor-repeater-item-abd5966\">\n                    \n\t\t\t\t\t\t<div class=\"eael-feature-list-icon-box\">\n\t\t\t\t\t\t\t<div class=\"eael-feature-list-icon-inner\">\n\n\t\t\t\t\t\t\t\t<span class=\"eael-feature-list-icon fl-icon-3\">\n\n\t\t<svg aria-hidden=\"true\" class=\"e-font-icon-svg e-fas-check\" viewbox=\"0 0 512 512\" xmlns=\"http:\/\/www.w3.org\/2000\/svg\"><path d=\"M173.898 439.404l-166.4-166.4c-9.997-9.997-9.997-26.206 0-36.204l36.203-36.204c9.997-9.998 26.207-9.998 36.204 0L192 312.69 432.095 72.596c9.997-9.997 26.207-9.997 36.204 0l36.203 36.204c9.997 9.997 9.997 26.206 0 36.204l-294.4 294.401c-9.998 9.997-26.207 9.997-36.204-.001z\"><\/path><\/svg>\t\t\t\t\t\t\t\t<\/span>\n\t\t\t\t\t\t\t<\/div>\n\t\t\t\t\t\t<\/div>\n\t\t\t\t\t\t<div class=\"eael-feature-list-content-box\">\n                            <h2 class=\"eael-feature-list-title\">Edgardo Alvarez<\/h2>\t\t\t\t\t\t<p class=\"eael-feature-list-content\">El secretario General de ALIDE (Am\u00e9rica latina y el Caribe)<br>\nLima, Per\u00fa<\/p>\n\t\t\t\t\t\t<\/div>\n\n\t\t\t\t\t<\/li>\n\t\t\t\t                <li class=\"eael-feature-list-item elementor-repeater-item-e787138\">\n                    \n\t\t\t\t\t\t<div class=\"eael-feature-list-icon-box\">\n\t\t\t\t\t\t\t<div class=\"eael-feature-list-icon-inner\">\n\n\t\t\t\t\t\t\t\t<span class=\"eael-feature-list-icon fl-icon-4\">\n\n\t\t<svg aria-hidden=\"true\" class=\"e-font-icon-svg e-fas-check\" viewbox=\"0 0 512 512\" xmlns=\"http:\/\/www.w3.org\/2000\/svg\"><path d=\"M173.898 439.404l-166.4-166.4c-9.997-9.997-9.997-26.206 0-36.204l36.203-36.204c9.997-9.998 26.207-9.998 36.204 0L192 312.69 432.095 72.596c9.997-9.997 26.207-9.997 36.204 0l36.203 36.204c9.997 9.997 9.997 26.206 0 36.204l-294.4 294.401c-9.998 9.997-26.207 9.997-36.204-.001z\"><\/path><\/svg>\t\t\t\t\t\t\t\t<\/span>\n\t\t\t\t\t\t\t<\/div>\n\t\t\t\t\t\t<\/div>\n\t\t\t\t\t\t<div class=\"eael-feature-list-content-box\">\n                            <h2 class=\"eael-feature-list-title\">Helmut von Glasenapp<\/h2>\t\t\t\t\t\t<p class=\"eael-feature-list-content\">El secretario General de ELTI (Pa\u00edses Europeos)<br>\nBruselas, B\u00e9lgica<\/p>\n\t\t\t\t\t\t<\/div>\n\n\t\t\t\t\t<\/li>\n\t\t\t\t                <li class=\"eael-feature-list-item elementor-repeater-item-e208ad5\">\n                    \n\t\t\t\t\t\t<div class=\"eael-feature-list-icon-box\">\n\t\t\t\t\t\t\t<div class=\"eael-feature-list-icon-inner\">\n\n\t\t\t\t\t\t\t\t<span class=\"eael-feature-list-icon fl-icon-5\">\n\n\t\t<svg aria-hidden=\"true\" class=\"e-font-icon-svg e-fas-check\" viewbox=\"0 0 512 512\" xmlns=\"http:\/\/www.w3.org\/2000\/svg\"><path d=\"M173.898 439.404l-166.4-166.4c-9.997-9.997-9.997-26.206 0-36.204l36.203-36.204c9.997-9.998 26.207-9.998 36.204 0L192 312.69 432.095 72.596c9.997-9.997 26.207-9.997 36.204 0l36.203 36.204c9.997 9.997 9.997 26.206 0 36.204l-294.4 294.401c-9.998 9.997-26.207 9.997-36.204-.001z\"><\/path><\/svg>\t\t\t\t\t\t\t\t<\/span>\n\t\t\t\t\t\t\t<\/div>\n\t\t\t\t\t\t<\/div>\n\t\t\t\t\t\t<div class=\"eael-feature-list-content-box\">\n                            <h2 class=\"eael-feature-list-title\">Ricardo Palma Valderrama<\/h2>\t\t\t\t\t\t<p class=\"eael-feature-list-content\">Asesor<br>\nLima, Per\u00fa<\/p>\n\t\t\t\t\t\t<\/div>\n\n\t\t\t\t\t<\/li>\n\t\t\t\t\t\t\t<\/ul>\n\t\t<\/div>\n\t\t\t\t\t\t<\/div>\n\t\t\t\t<\/div>\n\t\t\t\t<\/div>\n\t\t\t\t\t<\/div>\n\t\t\t\t<\/div>\n\t\t\t\t<\/div>","protected":false},"excerpt":{"rendered":"<p>Governance The organs of the Federation are as follows: The General Assembly The Board of Governors The General Secretariat The Standing Committees General Assembly The General Assembly is the supreme body of the Federation, and composed of the Chairmen\/Chief Executive Officers of the Ordinary Regional Members. The General Assembly holds the authority necessary to accomplish [&hellip;]<\/p>","protected":false},"author":1,"featured_media":0,"parent":0,"menu_order":0,"comment_status":"closed","ping_status":"closed","template":"","meta":{"_acf_changed":false,"footnotes":""},"class_list":["post-7697","page","type-page","status-publish","hentry"],"acf":[],"yoast_head":"<!-- This site is optimized with the Yoast SEO plugin v24.5 - https:\/\/yoast.com\/wordpress\/plugins\/seo\/ -->\n<title>Governance - World Federation of Development Financing Institutions<\/title>\n<meta name=\"robots\" content=\"index, follow, max-snippet:-1, max-image-preview:large, max-video-preview:-1\" \/>\n<link rel=\"canonical\" href=\"https:\/\/wfdfi.org\/es\/governance-2\/\" \/>\n<meta property=\"og:locale\" content=\"es_ES\" \/>\n<meta property=\"og:type\" content=\"article\" \/>\n<meta property=\"og:title\" content=\"Governance - World Federation of Development Financing Institutions\" \/>\n<meta property=\"og:description\" content=\"Governance The organs of the Federation are as follows: The General Assembly The Board of Governors The General Secretariat The Standing Committees General Assembly The General Assembly is the supreme body of the Federation, and composed of the Chairmen\/Chief Executive Officers of the Ordinary Regional Members. The General Assembly holds the authority necessary to accomplish [&hellip;]\" \/>\n<meta property=\"og:url\" content=\"https:\/\/wfdfi.org\/es\/governance-2\/\" \/>\n<meta property=\"og:site_name\" content=\"World Federation of Development Financing Institutions\" \/>\n<meta property=\"article:modified_time\" content=\"2026-01-13T21:23:22+00:00\" \/>\n<meta property=\"og:image\" content=\"https:\/\/wfdfi.org\/wp-content\/uploads\/2025\/02\/Modelo-celeste_Mesa-de-trabajo-1.png\" \/>\n\t<meta property=\"og:image:width\" content=\"800\" \/>\n\t<meta property=\"og:image:height\" content=\"800\" \/>\n\t<meta property=\"og:image:type\" content=\"image\/png\" \/>\n<meta name=\"twitter:card\" content=\"summary_large_image\" \/>\n<meta name=\"twitter:site\" content=\"@WFDFI_\" \/>\n<meta name=\"twitter:label1\" content=\"Tiempo de lectura\" \/>\n\t<meta name=\"twitter:data1\" content=\"9 minutos\" \/>\n<script type=\"application\/ld+json\" class=\"yoast-schema-graph\">{\"@context\":\"https:\/\/schema.org\",\"@graph\":[{\"@type\":\"WebPage\",\"@id\":\"https:\/\/wfdfi.org\/governance-2\/\",\"url\":\"https:\/\/wfdfi.org\/governance-2\/\",\"name\":\"Governance - World Federation of Development Financing Institutions\",\"isPartOf\":{\"@id\":\"https:\/\/wfdfi.org\/#website\"},\"primaryImageOfPage\":{\"@id\":\"https:\/\/wfdfi.org\/governance-2\/#primaryimage\"},\"image\":{\"@id\":\"https:\/\/wfdfi.org\/governance-2\/#primaryimage\"},\"thumbnailUrl\":\"https:\/\/wfdfi.org\/wp-content\/uploads\/2025\/02\/Modelo-celeste_Mesa-de-trabajo-1.png\",\"datePublished\":\"2025-01-14T16:18:18+00:00\",\"dateModified\":\"2026-01-13T21:23:22+00:00\",\"breadcrumb\":{\"@id\":\"https:\/\/wfdfi.org\/governance-2\/#breadcrumb\"},\"inLanguage\":\"es\",\"potentialAction\":[{\"@type\":\"ReadAction\",\"target\":[\"https:\/\/wfdfi.org\/governance-2\/\"]}]},{\"@type\":\"ImageObject\",\"inLanguage\":\"es\",\"@id\":\"https:\/\/wfdfi.org\/governance-2\/#primaryimage\",\"url\":\"https:\/\/wfdfi.org\/wp-content\/uploads\/2025\/02\/Modelo-celeste_Mesa-de-trabajo-1.png\",\"contentUrl\":\"https:\/\/wfdfi.org\/wp-content\/uploads\/2025\/02\/Modelo-celeste_Mesa-de-trabajo-1.png\"},{\"@type\":\"BreadcrumbList\",\"@id\":\"https:\/\/wfdfi.org\/governance-2\/#breadcrumb\",\"itemListElement\":[{\"@type\":\"ListItem\",\"position\":1,\"name\":\"Portada\",\"item\":\"https:\/\/wfdfi.org\/\"},{\"@type\":\"ListItem\",\"position\":2,\"name\":\"Governance\"}]},{\"@type\":\"WebSite\",\"@id\":\"https:\/\/wfdfi.org\/#website\",\"url\":\"https:\/\/wfdfi.org\/\",\"name\":\"World Federation of Development Financing Institutions\",\"description\":\"\",\"publisher\":{\"@id\":\"https:\/\/wfdfi.org\/#organization\"},\"potentialAction\":[{\"@type\":\"SearchAction\",\"target\":{\"@type\":\"EntryPoint\",\"urlTemplate\":\"https:\/\/wfdfi.org\/?s={search_term_string}\"},\"query-input\":{\"@type\":\"PropertyValueSpecification\",\"valueRequired\":true,\"valueName\":\"search_term_string\"}}],\"inLanguage\":\"es\"},{\"@type\":\"Organization\",\"@id\":\"https:\/\/wfdfi.org\/#organization\",\"name\":\"World Federation of Development Financing Institutions\",\"url\":\"https:\/\/wfdfi.org\/\",\"logo\":{\"@type\":\"ImageObject\",\"inLanguage\":\"es\",\"@id\":\"https:\/\/wfdfi.org\/#\/schema\/logo\/image\/\",\"url\":\"https:\/\/wfdfi.org\/wp-content\/uploads\/2024\/12\/logo.png\",\"contentUrl\":\"https:\/\/wfdfi.org\/wp-content\/uploads\/2024\/12\/logo.png\",\"width\":432,\"height\":114,\"caption\":\"World Federation of Development Financing Institutions\"},\"image\":{\"@id\":\"https:\/\/wfdfi.org\/#\/schema\/logo\/image\/\"},\"sameAs\":[\"https:\/\/x.com\/WFDFI_\",\"https:\/\/www.linkedin.com\/company\/wfdfi\"]}]}<\/script>\n<!-- \/ Yoast SEO plugin. -->","yoast_head_json":{"title":"Governance - World Federation of Development Financing Institutions","robots":{"index":"index","follow":"follow","max-snippet":"max-snippet:-1","max-image-preview":"max-image-preview:large","max-video-preview":"max-video-preview:-1"},"canonical":"https:\/\/wfdfi.org\/es\/governance-2\/","og_locale":"es_ES","og_type":"article","og_title":"Governance - World Federation of Development Financing Institutions","og_description":"Governance The organs of the Federation are as follows: The General Assembly The Board of Governors The General Secretariat The Standing Committees General Assembly The General Assembly is the supreme body of the Federation, and composed of the Chairmen\/Chief Executive Officers of the Ordinary Regional Members. The General Assembly holds the authority necessary to accomplish [&hellip;]","og_url":"https:\/\/wfdfi.org\/es\/governance-2\/","og_site_name":"World Federation of Development Financing Institutions","article_modified_time":"2026-01-13T21:23:22+00:00","og_image":[{"width":800,"height":800,"url":"https:\/\/wfdfi.org\/wp-content\/uploads\/2025\/02\/Modelo-celeste_Mesa-de-trabajo-1.png","type":"image\/png"}],"twitter_card":"summary_large_image","twitter_site":"@WFDFI_","twitter_misc":{"Tiempo de lectura":"9 minutos"},"schema":{"@context":"https:\/\/schema.org","@graph":[{"@type":"WebPage","@id":"https:\/\/wfdfi.org\/governance-2\/","url":"https:\/\/wfdfi.org\/governance-2\/","name":"Governance - World Federation of Development Financing Institutions","isPartOf":{"@id":"https:\/\/wfdfi.org\/#website"},"primaryImageOfPage":{"@id":"https:\/\/wfdfi.org\/governance-2\/#primaryimage"},"image":{"@id":"https:\/\/wfdfi.org\/governance-2\/#primaryimage"},"thumbnailUrl":"https:\/\/wfdfi.org\/wp-content\/uploads\/2025\/02\/Modelo-celeste_Mesa-de-trabajo-1.png","datePublished":"2025-01-14T16:18:18+00:00","dateModified":"2026-01-13T21:23:22+00:00","breadcrumb":{"@id":"https:\/\/wfdfi.org\/governance-2\/#breadcrumb"},"inLanguage":"es","potentialAction":[{"@type":"ReadAction","target":["https:\/\/wfdfi.org\/governance-2\/"]}]},{"@type":"ImageObject","inLanguage":"es","@id":"https:\/\/wfdfi.org\/governance-2\/#primaryimage","url":"https:\/\/wfdfi.org\/wp-content\/uploads\/2025\/02\/Modelo-celeste_Mesa-de-trabajo-1.png","contentUrl":"https:\/\/wfdfi.org\/wp-content\/uploads\/2025\/02\/Modelo-celeste_Mesa-de-trabajo-1.png"},{"@type":"BreadcrumbList","@id":"https:\/\/wfdfi.org\/governance-2\/#breadcrumb","itemListElement":[{"@type":"ListItem","position":1,"name":"Portada","item":"https:\/\/wfdfi.org\/"},{"@type":"ListItem","position":2,"name":"Governance"}]},{"@type":"WebSite","@id":"https:\/\/wfdfi.org\/#website","url":"https:\/\/wfdfi.org\/","name":"World Federation of Development Financing Institutions","description":"","publisher":{"@id":"https:\/\/wfdfi.org\/#organization"},"potentialAction":[{"@type":"SearchAction","target":{"@type":"EntryPoint","urlTemplate":"https:\/\/wfdfi.org\/?s={search_term_string}"},"query-input":{"@type":"PropertyValueSpecification","valueRequired":true,"valueName":"search_term_string"}}],"inLanguage":"es"},{"@type":"Organization","@id":"https:\/\/wfdfi.org\/#organization","name":"World Federation of Development Financing Institutions","url":"https:\/\/wfdfi.org\/","logo":{"@type":"ImageObject","inLanguage":"es","@id":"https:\/\/wfdfi.org\/#\/schema\/logo\/image\/","url":"https:\/\/wfdfi.org\/wp-content\/uploads\/2024\/12\/logo.png","contentUrl":"https:\/\/wfdfi.org\/wp-content\/uploads\/2024\/12\/logo.png","width":432,"height":114,"caption":"World Federation of Development Financing Institutions"},"image":{"@id":"https:\/\/wfdfi.org\/#\/schema\/logo\/image\/"},"sameAs":["https:\/\/x.com\/WFDFI_","https:\/\/www.linkedin.com\/company\/wfdfi"]}]}},"_links":{"self":[{"href":"https:\/\/wfdfi.org\/es\/wp-json\/wp\/v2\/pages\/7697","targetHints":{"allow":["GET"]}}],"collection":[{"href":"https:\/\/wfdfi.org\/es\/wp-json\/wp\/v2\/pages"}],"about":[{"href":"https:\/\/wfdfi.org\/es\/wp-json\/wp\/v2\/types\/page"}],"author":[{"embeddable":true,"href":"https:\/\/wfdfi.org\/es\/wp-json\/wp\/v2\/users\/1"}],"replies":[{"embeddable":true,"href":"https:\/\/wfdfi.org\/es\/wp-json\/wp\/v2\/comments?post=7697"}],"version-history":[{"count":33,"href":"https:\/\/wfdfi.org\/es\/wp-json\/wp\/v2\/pages\/7697\/revisions"}],"predecessor-version":[{"id":9033,"href":"https:\/\/wfdfi.org\/es\/wp-json\/wp\/v2\/pages\/7697\/revisions\/9033"}],"wp:attachment":[{"href":"https:\/\/wfdfi.org\/es\/wp-json\/wp\/v2\/media?parent=7697"}],"curies":[{"name":"wp","href":"https:\/\/api.w.org\/{rel}","templated":true}]}}